{"id":40641,"date":"2026-03-30T08:59:59","date_gmt":"2026-03-30T08:59:59","guid":{"rendered":"https:\/\/organonpro.com\/es-es\/?post_type=video&#038;p=40641"},"modified":"2026-04-24T11:04:25","modified_gmt":"2026-04-24T11:04:25","slug":"semergencias-ciclo-de-webinars-en-atencion-urgente-conectando-conocimiento-experiencia-y-practica-clinica-guias-erc-2025-las-claves-que-cambiaran-tu-forma-de-reanimar","status":"publish","type":"video","link":"https:\/\/organonpro.com\/es-es\/video\/semergencias-ciclo-de-webinars-en-atencion-urgente-conectando-conocimiento-experiencia-y-practica-clinica-guias-erc-2025-las-claves-que-cambiaran-tu-forma-de-reanimar\/","title":{"rendered":"SEMERGENCIAS: Ciclo de webinars en atenci\u00f3n urgente | Gu\u00edas ERC 2025: las claves que cambiar\u00e1n tu forma de reanimar"},"content":{"rendered":"\n<div class=\"wp-block-columns has-background is-layout-flex wp-container-core-columns-is-layout-9d6595d7 wp-block-columns-is-layout-flex\" style=\"background-color:#f8f8f8\">\n<div class=\"wp-block-column is-vertically-aligned-center is-layout-flow wp-block-column-is-layout-flow\" style=\"flex-basis:45%\">\n<h2 class=\"wp-block-heading has-black-color has-text-color\" id=\"h-latido-20-documentos-de-consenso-para-el-tratamiento-de-la-dislipemia\" style=\"text-transform:none\">SEMERGENCIAS: Ciclo de webinars en atenci\u00f3n urgente | Gu\u00edas ERC 2025: las claves que cambiar\u00e1n tu forma de reanimar<\/h2>\n\n\n\n<p>Hablamos sobre las <strong>modificaciones m\u00e1s relevantes en los protocolos de reanimaci\u00f3n cardiovascular<\/strong>, con \u00e9nfasis en las\u00a0gu\u00edas ERC 2025,<strong> <\/strong>con los doctores<strong>\u00a0Pablo Morocho Malho<\/strong>, moderador de la sesi\u00f3n, y\u00a0<strong>Francisco Romero Morales<\/strong>,\u00a0<strong>Alejo Gallego Montiel\u00a0<\/strong>y\u00a0<strong>Alicia Amaro Garc\u00eda<\/strong>.\u00a0<\/p>\n<\/div>\n\n\n\n<div class=\"wp-block-column is-layout-flow wp-block-column-is-layout-flow\" style=\"flex-basis:5%\"><\/div>\n\n\n\n<div class=\"wp-block-column is-layout-flow wp-block-column-is-layout-flow\" style=\"flex-basis:50%\">\t\t<!-- Start of Brightcove Player -->\n\t\t\t\t\t\t<div style=\"display: block; position: relative; min-width: 0px; max-width: 640px;\">\n\t\t\t\t\t<div style=\"padding-top: 360px; \">\n\t\t\t\t\t\t<video-js\n\t\t\t\t\t\t\t\tid=\"6393213619112\"\n\t\t\t\t\t\t\t\tdata-video-id=\"6393213619112\" data-account=\"6241154138001\"\n\t\t\t\t\t\t\t\tdata-player=\"default\"\n\t\t\t\t\t\t\t\tdata-usage=\"cms:WordPress:6.8.5:2.8.8:javascript\"\n\t\t\t\t\t\t\t\tdata-embed=\"default\" class=\"video-js\"\n\t\t\t\t\t\t\t\tdata-application-id=\"\"\n\t\t\t\t\t\t\t\tcontrols   \t\t\t\t\t\t\t\tstyle=\"width: 100%; height: 360px; position: absolute; top: 0; bottom: 0; right: 0; left: 0;\">\n\t\t\t\t\t\t<\/video-js>\n\n\t\t\t\t\t\t<script src=\"https:\/\/players.brightcove.net\/6241154138001\/default_default\/index.min.js\"><\/script> \t\t\t\t\t<\/div>\n\t\t\t\t<\/div>\n\t\t\t\t\t\t<!-- End of Brightcove Player -->\n\t\t<\/div>\n<\/div>\n\n\n\n<div style=\"height:40px\" aria-hidden=\"true\" class=\"wp-block-spacer\"><\/div>\n\n\n\n<p style=\"font-size:22px\"><strong>\u00bfQu\u00e9 te vas a encontrar en este v\u00eddeo?<\/strong><\/p>\n\n\n\n<ul class=\"wp-block-list\">\n<li>Las modificaciones m\u00e1s relevantes en los protocolos de reanimaci\u00f3n cardiovascular, con \u00e9nfasis en las nuevas recomendaciones de las Gu\u00edas ERC 2025<\/li>\n\n\n\n<li>C\u00f3mo la detecci\u00f3n temprana y las acciones r\u00e1pidas (como el uso de desfibriladores externos autom\u00e1ticos y la alerta precoz) son fundamentales para aumentar las tasas de supervivencia.<\/li>\n\n\n\n<li>La importancia de la educaci\u00f3n y concienciaci\u00f3n p\u00fablica sobre la reanimaci\u00f3n cardiopulmonar, para que m\u00e1s personas puedan intervenir en emergencias, incluso si no son profesionales de la salud<\/li>\n<\/ul>\n\n\n\n<p><\/p>\n\n\n\n<p><strong>Avalado por SEMERGEN Andaluc\u00eda<\/strong><\/p>\n\n\n\n<div style=\"height:40px\" aria-hidden=\"true\" class=\"wp-block-spacer\"><\/div>\n\n\n\n<p style=\"font-size:22px\"><strong>Experiencias compartidas por:<\/strong><\/p>\n\n\n\n<p style=\"font-size:18px\"><strong>Moderador<\/strong><\/p>\n\n\n\n<ul class=\"wp-block-list\">\n<li><strong>Dr. Pablo Morocho Malho<\/strong>\u00a0| M\u00e9dico de Urgencias en el Hospital Universitario de Jerez<\/li>\n<\/ul>\n\n\n\n<p style=\"font-size:18px\"><strong>Ponentes<\/strong><\/p>\n\n\n\n<ul class=\"wp-block-list\">\n<li><strong>Dr. Francisco Romero Morales\u00a0<\/strong>|<strong>\u00a0<\/strong>Medicina familiar y comunitaria. Centro de emergencias sanitarias 061 (Ja\u00e9n). Miembro del Grupo de Trabajo de Urgencias de SEMERGEN<\/li>\n\n\n\n<li><strong>Dr. Alejo Gallego Montiel\u00a0<\/strong>|<strong>\u00a0<\/strong>Medicina familiar y comunitaria. Unidad de Gesti\u00f3n Cl\u00ednica de Urgencias de Atenci\u00f3n Primaria Jerez Costa Noroeste (C\u00e1diz). Miembro del Grupo de Trabajo de Urgencias de SEMERGEN<\/li>\n\n\n\n<li><strong>Dra.\u00a0Alicia Amaro Garc\u00eda\u00a0<\/strong>|<strong>\u00a0<\/strong>Medicina familiar y comunitaria. Centro de salud San Felipe (Ja\u00e9n). Miembro del Grupo de Trabajo de Urgencias de SEMERGEN<\/li>\n<\/ul>\n\n\n\n<p><\/p>\n\n\n\n<p style=\"font-size:18px\"><strong>Coordinadora<\/strong><\/p>\n\n\n\n<ul class=\"wp-block-list\">\n<li><strong>Dra. Ana Cabrerizo Carvajal\u00a0|\u00a0<\/strong>Medicina familiar y comunitaria. Centro de salud Alhama de Granada. Sociedad Espa\u00f1ola de M\u00e9dicos de Atenci\u00f3n Primaria (SEMERGEN).<\/li>\n<\/ul>\n\n\n\n<div style=\"height:40px\" aria-hidden=\"true\" class=\"wp-block-spacer\"><\/div>\n\n\n\n<p style=\"font-size:22px\"><strong>Explora las sesiones del ciclo de webinars\u00a0SEMERGENCIAS<\/strong><\/p>\n\n\n\n<p>Este v\u00eddeo forma parte del ciclo de webinars acreditado\u00a0<strong>SEMERGENCIAS: Ciclo de webinars en atenci\u00f3n urgente | Conectando conocimiento, experiencia y pr\u00e1ctica cl\u00ednica<\/strong>.<\/p>\n\n\n\n<p style=\"font-size:18px\"><strong>Pr\u00f3ximas sesiones en directo<\/strong><\/p>\n\n\n\n<p>Reg\u00edstrate para asistir a los pr\u00f3ximos&nbsp;<a href=\"https:\/\/organonpro.com\/es-es\/webinars\/?eventsearch=semergencias\"><strong>webinars en directo<\/strong><\/a>.<\/p>\n\n\n\n<p style=\"font-size:18px\"><strong>Sesiones en diferido<\/strong><\/p>\n\n\n\n<p>Tienes disponibles todos los\u00a0<a href=\"https:\/\/organonpro.com\/es-es\/videos\/?videosearch=semergencias\"><strong>v\u00eddeos de las sesiones pasadas<\/strong><\/a>.<\/p>\n\n\n\n<div style=\"height:40px\" aria-hidden=\"true\" class=\"wp-block-spacer\"><\/div>\n\n\n\n<p style=\"font-size:22px\"><strong>Cr\u00e9ditos y certificado<\/strong><\/p>\n\n\n\n<ul class=\"wp-block-list\">\n<li><strong>Solicitada acreditaci\u00f3n<\/strong>&nbsp;con fecha 2 de abril de 2026 a la Comisi\u00f3n de Formaci\u00f3n Continuada de las Profesiones Sanitarias de la Comunidad de Madrid.<\/li>\n\n\n\n<li>N\u00ba de expediente:\u00a007-AFOC-01982.7\/2026<\/li>\n\n\n\n<li>Acreditaci\u00f3n v\u00e1lida\u00a0para profesionales sanitarios de <strong>medicina<\/strong> y <strong>enfermer\u00eda<\/strong><\/li>\n\n\n\n<li>Ense\u00f1anza no reglada y sin car\u00e1cter oficial. Puede consultarse informaci\u00f3n sobre la acreditaci\u00f3n de formaci\u00f3n continuada sanitaria en <a href=\"http:\/\/www.madrid.org\/\">www.madrid.org<\/a><\/li>\n<\/ul>\n\n\n\n<p style=\"font-size:18px\"><strong>\u00bfC\u00f3mo obtener la acreditaci\u00f3n?<\/strong><\/p>\n\n\n\n<p>Para obtener la acreditaci\u00f3n correspondiente, debes\u00a0<strong>superar el test de acreditaci\u00f3n con una puntuaci\u00f3n m\u00ednima del 70%<\/strong>. Solo dispones de\u00a0<strong>un intento<\/strong>\u00a0para realizarlo.<\/p>\n\n\n\n<p>El test de acreditaci\u00f3n estar\u00e1 disponible&nbsp;<strong>a partir del 3 de marzo de 2027<\/strong>.<\/p>\n\n\n\n<p>Si lo superas, te enviaremos un email cuando el certificado est\u00e9 disponible y podr\u00e1s descargarlo desde el apartado&nbsp;<strong>Mis certificados<\/strong>.<\/p>\n\n\n\n<div style=\"height:42px\" aria-hidden=\"true\" class=\"wp-block-spacer\"><\/div>\n\n\n\n<p><strong>Recuerda<\/strong>: este v\u00eddeo estar\u00e1 disponible hasta el 30 de marzo de 2027.<\/p>\n\n\n\n<div style=\"height:40px\" aria-hidden=\"true\" class=\"wp-block-spacer\"><\/div>\n","protected":false},"excerpt":{"rendered":"<p>SEMERGENCIAS: Ciclo de webinars en atenci\u00f3n urgente | Gu\u00edas ERC 2025: las claves que cambiar\u00e1n tu forma de reanimar Hablamos sobre las modificaciones m\u00e1s relevantes en los protocolos de reanimaci\u00f3n cardiovascular, con \u00e9nfasis en las\u00a0gu\u00edas ERC 2025, con los doctores\u00a0Pablo Morocho Malho, moderador de la sesi\u00f3n, y\u00a0Francisco Romero Morales,\u00a0Alejo Gallego Montiel\u00a0y\u00a0Alicia Amaro Garc\u00eda.\u00a0 \u00bfQu\u00e9 te [&hellip;]<\/p>\n","protected":false},"author":118,"featured_media":40805,"parent":0,"menu_order":0,"template":"","meta":{"_acf_changed":false},"tags":[],"video_categories":[188],"class_list":["post-40641","video","type-video","status-publish","has-post-thumbnail","hentry","video_categories-atencion-primaria"],"acf":[],"yoast_head":"<!-- This site is optimized with the Yoast SEO Premium plugin v20.11 (Yoast SEO v26.6) - https:\/\/yoast.com\/wordpress\/plugins\/seo\/ -->\n<title>SEMERGENCIAS | Gu\u00edas ERC 2025- Organon Pro - Espa\u00f1a<\/title>\n<meta name=\"description\" content=\"Hablamos sobre las gu\u00edas ERC con los doctores Pablo Morocho Malho, Francisco Romero Morales,\u00a0Alejo Gallego Montiel\u00a0y\u00a0Alicia Amaro Garc\u00eda.\u00a0\" \/>\n<meta name=\"robots\" content=\"index, follow, max-snippet:-1, max-image-preview:large, max-video-preview:-1\" \/>\n<link rel=\"canonical\" href=\"https:\/\/organonpro.com\/es-es\/video\/semergencias-ciclo-de-webinars-en-atencion-urgente-conectando-conocimiento-experiencia-y-practica-clinica-guias-erc-2025-las-claves-que-cambiaran-tu-forma-de-reanimar\/\" \/>\n<meta property=\"og:locale\" content=\"en_US\" \/>\n<meta property=\"og:type\" content=\"article\" \/>\n<meta property=\"og:title\" content=\"SEMERGENCIAS: Ciclo de webinars en atenci\u00f3n urgente | Gu\u00edas ERC 2025: las claves que cambiar\u00e1n tu forma de reanimar\" \/>\n<meta property=\"og:description\" content=\"Hablamos sobre las gu\u00edas ERC con los doctores Pablo Morocho Malho, Francisco Romero Morales,\u00a0Alejo Gallego Montiel\u00a0y\u00a0Alicia Amaro Garc\u00eda.\u00a0\" \/>\n<meta property=\"og:url\" content=\"https:\/\/organonpro.com\/es-es\/video\/semergencias-ciclo-de-webinars-en-atencion-urgente-conectando-conocimiento-experiencia-y-practica-clinica-guias-erc-2025-las-claves-que-cambiaran-tu-forma-de-reanimar\/\" \/>\n<meta property=\"og:site_name\" content=\"Organon Pro - Espa\u00f1a\" \/>\n<meta property=\"article:publisher\" content=\"https:\/\/www.facebook.com\/OrganonandCo\" \/>\n<meta property=\"article:modified_time\" content=\"2026-04-24T11:04:25+00:00\" \/>\n<meta property=\"og:image\" content=\"https:\/\/organonpro.com\/es-es\/wp-content\/uploads\/sites\/11\/2026\/04\/semergencias_guias_ERC.jpg\" \/>\n\t<meta property=\"og:image:width\" content=\"1200\" \/>\n\t<meta property=\"og:image:height\" content=\"676\" \/>\n\t<meta property=\"og:image:type\" content=\"image\/jpeg\" \/>\n<meta name=\"twitter:card\" content=\"summary_large_image\" \/>\n<meta name=\"twitter:site\" content=\"@OrganonLLC\" \/>\n<meta name=\"twitter:label1\" content=\"Est. reading time\" \/>\n\t<meta name=\"twitter:data1\" content=\"3 minutes\" \/>\n<script type=\"application\/ld+json\" class=\"yoast-schema-graph\">{\"@context\":\"https:\/\/schema.org\",\"@graph\":[{\"@type\":\"WebPage\",\"@id\":\"https:\/\/organonpro.com\/es-es\/video\/semergencias-ciclo-de-webinars-en-atencion-urgente-conectando-conocimiento-experiencia-y-practica-clinica-guias-erc-2025-las-claves-que-cambiaran-tu-forma-de-reanimar\/\",\"url\":\"https:\/\/organonpro.com\/es-es\/video\/semergencias-ciclo-de-webinars-en-atencion-urgente-conectando-conocimiento-experiencia-y-practica-clinica-guias-erc-2025-las-claves-que-cambiaran-tu-forma-de-reanimar\/\",\"name\":\"SEMERGENCIAS | Gu\u00edas ERC 2025- Organon Pro - Espa\u00f1a\",\"isPartOf\":{\"@id\":\"https:\/\/organonpro.com\/es-es\/#website\"},\"primaryImageOfPage\":{\"@id\":\"https:\/\/organonpro.com\/es-es\/video\/semergencias-ciclo-de-webinars-en-atencion-urgente-conectando-conocimiento-experiencia-y-practica-clinica-guias-erc-2025-las-claves-que-cambiaran-tu-forma-de-reanimar\/#primaryimage\"},\"image\":{\"@id\":\"https:\/\/organonpro.com\/es-es\/video\/semergencias-ciclo-de-webinars-en-atencion-urgente-conectando-conocimiento-experiencia-y-practica-clinica-guias-erc-2025-las-claves-que-cambiaran-tu-forma-de-reanimar\/#primaryimage\"},\"thumbnailUrl\":\"https:\/\/organonpro.com\/es-es\/wp-content\/uploads\/sites\/11\/2026\/04\/semergencias_guias_ERC.jpg\",\"datePublished\":\"2026-03-30T08:59:59+00:00\",\"dateModified\":\"2026-04-24T11:04:25+00:00\",\"description\":\"Hablamos sobre las gu\u00edas ERC con los doctores Pablo Morocho Malho, Francisco Romero Morales,\u00a0Alejo Gallego Montiel\u00a0y\u00a0Alicia Amaro Garc\u00eda.\u00a0\",\"breadcrumb\":{\"@id\":\"https:\/\/organonpro.com\/es-es\/video\/semergencias-ciclo-de-webinars-en-atencion-urgente-conectando-conocimiento-experiencia-y-practica-clinica-guias-erc-2025-las-claves-que-cambiaran-tu-forma-de-reanimar\/#breadcrumb\"},\"inLanguage\":\"en-US\",\"potentialAction\":[{\"@type\":\"ReadAction\",\"target\":[\"https:\/\/organonpro.com\/es-es\/video\/semergencias-ciclo-de-webinars-en-atencion-urgente-conectando-conocimiento-experiencia-y-practica-clinica-guias-erc-2025-las-claves-que-cambiaran-tu-forma-de-reanimar\/\"]}]},{\"@type\":\"ImageObject\",\"inLanguage\":\"en-US\",\"@id\":\"https:\/\/organonpro.com\/es-es\/video\/semergencias-ciclo-de-webinars-en-atencion-urgente-conectando-conocimiento-experiencia-y-practica-clinica-guias-erc-2025-las-claves-que-cambiaran-tu-forma-de-reanimar\/#primaryimage\",\"url\":\"https:\/\/organonpro.com\/es-es\/wp-content\/uploads\/sites\/11\/2026\/04\/semergencias_guias_ERC.jpg\",\"contentUrl\":\"https:\/\/organonpro.com\/es-es\/wp-content\/uploads\/sites\/11\/2026\/04\/semergencias_guias_ERC.jpg\",\"width\":1200,\"height\":676},{\"@type\":\"BreadcrumbList\",\"@id\":\"https:\/\/organonpro.com\/es-es\/video\/semergencias-ciclo-de-webinars-en-atencion-urgente-conectando-conocimiento-experiencia-y-practica-clinica-guias-erc-2025-las-claves-que-cambiaran-tu-forma-de-reanimar\/#breadcrumb\",\"itemListElement\":[{\"@type\":\"ListItem\",\"position\":1,\"name\":\"Home\",\"item\":\"https:\/\/organonpro.com\/es-es\/\"},{\"@type\":\"ListItem\",\"position\":2,\"name\":\"video\",\"item\":\"https:\/\/organonpro.com\/es-es\/video\/\"},{\"@type\":\"ListItem\",\"position\":3,\"name\":\"SEMERGENCIAS: Ciclo de webinars en atenci\u00f3n urgente | Gu\u00edas ERC 2025: las claves que cambiar\u00e1n tu forma de reanimar\"}]},{\"@type\":\"WebSite\",\"@id\":\"https:\/\/organonpro.com\/es-es\/#website\",\"url\":\"https:\/\/organonpro.com\/es-es\/\",\"name\":\"Organon Pro - Espa\u00f1a\",\"description\":\"Organon Pro - Espa\u00f1a\",\"publisher\":{\"@id\":\"https:\/\/organonpro.com\/es-es\/#organization\"},\"potentialAction\":[{\"@type\":\"SearchAction\",\"target\":{\"@type\":\"EntryPoint\",\"urlTemplate\":\"https:\/\/organonpro.com\/es-es\/?s={search_term_string}\"},\"query-input\":{\"@type\":\"PropertyValueSpecification\",\"valueRequired\":true,\"valueName\":\"search_term_string\"}}],\"inLanguage\":\"en-US\"},{\"@type\":\"Organization\",\"@id\":\"https:\/\/organonpro.com\/es-es\/#organization\",\"name\":\"Organon Pro - Espa\u00f1a\",\"url\":\"https:\/\/organonpro.com\/es-es\/\",\"logo\":{\"@type\":\"ImageObject\",\"inLanguage\":\"en-US\",\"@id\":\"https:\/\/organonpro.com\/es-es\/#\/schema\/logo\/image\/\",\"url\":\"https:\/\/organonpro.com\/es-es\/wp-content\/uploads\/sites\/11\/2023\/08\/organon-pro-1.webp\",\"contentUrl\":\"https:\/\/organonpro.com\/es-es\/wp-content\/uploads\/sites\/11\/2023\/08\/organon-pro-1.webp\",\"width\":2269,\"height\":243,\"caption\":\"Organon Pro - Espa\u00f1a\"},\"image\":{\"@id\":\"https:\/\/organonpro.com\/es-es\/#\/schema\/logo\/image\/\"},\"sameAs\":[\"https:\/\/www.facebook.com\/OrganonandCo\",\"https:\/\/x.com\/OrganonLLC\"]}]}<\/script>\n<!-- \/ Yoast SEO Premium plugin. -->","yoast_head_json":{"title":"SEMERGENCIAS | Gu\u00edas ERC 2025- Organon Pro - Espa\u00f1a","description":"Hablamos sobre las gu\u00edas ERC con los doctores Pablo Morocho Malho, Francisco Romero Morales,\u00a0Alejo Gallego Montiel\u00a0y\u00a0Alicia Amaro Garc\u00eda.\u00a0","robots":{"index":"index","follow":"follow","max-snippet":"max-snippet:-1","max-image-preview":"max-image-preview:large","max-video-preview":"max-video-preview:-1"},"canonical":"https:\/\/organonpro.com\/es-es\/video\/semergencias-ciclo-de-webinars-en-atencion-urgente-conectando-conocimiento-experiencia-y-practica-clinica-guias-erc-2025-las-claves-que-cambiaran-tu-forma-de-reanimar\/","og_locale":"en_US","og_type":"article","og_title":"SEMERGENCIAS: Ciclo de webinars en atenci\u00f3n urgente | Gu\u00edas ERC 2025: las claves que cambiar\u00e1n tu forma de reanimar","og_description":"Hablamos sobre las gu\u00edas ERC con los doctores Pablo Morocho Malho, Francisco Romero Morales,\u00a0Alejo Gallego Montiel\u00a0y\u00a0Alicia Amaro Garc\u00eda.\u00a0","og_url":"https:\/\/organonpro.com\/es-es\/video\/semergencias-ciclo-de-webinars-en-atencion-urgente-conectando-conocimiento-experiencia-y-practica-clinica-guias-erc-2025-las-claves-que-cambiaran-tu-forma-de-reanimar\/","og_site_name":"Organon Pro - Espa\u00f1a","article_publisher":"https:\/\/www.facebook.com\/OrganonandCo","article_modified_time":"2026-04-24T11:04:25+00:00","og_image":[{"width":1200,"height":676,"url":"https:\/\/organonpro.com\/es-es\/wp-content\/uploads\/sites\/11\/2026\/04\/semergencias_guias_ERC.jpg","type":"image\/jpeg"}],"twitter_card":"summary_large_image","twitter_site":"@OrganonLLC","twitter_misc":{"Est. reading time":"3 minutes"},"schema":{"@context":"https:\/\/schema.org","@graph":[{"@type":"WebPage","@id":"https:\/\/organonpro.com\/es-es\/video\/semergencias-ciclo-de-webinars-en-atencion-urgente-conectando-conocimiento-experiencia-y-practica-clinica-guias-erc-2025-las-claves-que-cambiaran-tu-forma-de-reanimar\/","url":"https:\/\/organonpro.com\/es-es\/video\/semergencias-ciclo-de-webinars-en-atencion-urgente-conectando-conocimiento-experiencia-y-practica-clinica-guias-erc-2025-las-claves-que-cambiaran-tu-forma-de-reanimar\/","name":"SEMERGENCIAS | Gu\u00edas ERC 2025- Organon Pro - Espa\u00f1a","isPartOf":{"@id":"https:\/\/organonpro.com\/es-es\/#website"},"primaryImageOfPage":{"@id":"https:\/\/organonpro.com\/es-es\/video\/semergencias-ciclo-de-webinars-en-atencion-urgente-conectando-conocimiento-experiencia-y-practica-clinica-guias-erc-2025-las-claves-que-cambiaran-tu-forma-de-reanimar\/#primaryimage"},"image":{"@id":"https:\/\/organonpro.com\/es-es\/video\/semergencias-ciclo-de-webinars-en-atencion-urgente-conectando-conocimiento-experiencia-y-practica-clinica-guias-erc-2025-las-claves-que-cambiaran-tu-forma-de-reanimar\/#primaryimage"},"thumbnailUrl":"https:\/\/organonpro.com\/es-es\/wp-content\/uploads\/sites\/11\/2026\/04\/semergencias_guias_ERC.jpg","datePublished":"2026-03-30T08:59:59+00:00","dateModified":"2026-04-24T11:04:25+00:00","description":"Hablamos sobre las gu\u00edas ERC con los doctores Pablo Morocho Malho, Francisco Romero Morales,\u00a0Alejo Gallego Montiel\u00a0y\u00a0Alicia Amaro Garc\u00eda.\u00a0","breadcrumb":{"@id":"https:\/\/organonpro.com\/es-es\/video\/semergencias-ciclo-de-webinars-en-atencion-urgente-conectando-conocimiento-experiencia-y-practica-clinica-guias-erc-2025-las-claves-que-cambiaran-tu-forma-de-reanimar\/#breadcrumb"},"inLanguage":"en-US","potentialAction":[{"@type":"ReadAction","target":["https:\/\/organonpro.com\/es-es\/video\/semergencias-ciclo-de-webinars-en-atencion-urgente-conectando-conocimiento-experiencia-y-practica-clinica-guias-erc-2025-las-claves-que-cambiaran-tu-forma-de-reanimar\/"]}]},{"@type":"ImageObject","inLanguage":"en-US","@id":"https:\/\/organonpro.com\/es-es\/video\/semergencias-ciclo-de-webinars-en-atencion-urgente-conectando-conocimiento-experiencia-y-practica-clinica-guias-erc-2025-las-claves-que-cambiaran-tu-forma-de-reanimar\/#primaryimage","url":"https:\/\/organonpro.com\/es-es\/wp-content\/uploads\/sites\/11\/2026\/04\/semergencias_guias_ERC.jpg","contentUrl":"https:\/\/organonpro.com\/es-es\/wp-content\/uploads\/sites\/11\/2026\/04\/semergencias_guias_ERC.jpg","width":1200,"height":676},{"@type":"BreadcrumbList","@id":"https:\/\/organonpro.com\/es-es\/video\/semergencias-ciclo-de-webinars-en-atencion-urgente-conectando-conocimiento-experiencia-y-practica-clinica-guias-erc-2025-las-claves-que-cambiaran-tu-forma-de-reanimar\/#breadcrumb","itemListElement":[{"@type":"ListItem","position":1,"name":"Home","item":"https:\/\/organonpro.com\/es-es\/"},{"@type":"ListItem","position":2,"name":"video","item":"https:\/\/organonpro.com\/es-es\/video\/"},{"@type":"ListItem","position":3,"name":"SEMERGENCIAS: Ciclo de webinars en atenci\u00f3n urgente | Gu\u00edas ERC 2025: las claves que cambiar\u00e1n tu forma de reanimar"}]},{"@type":"WebSite","@id":"https:\/\/organonpro.com\/es-es\/#website","url":"https:\/\/organonpro.com\/es-es\/","name":"Organon Pro - Espa\u00f1a","description":"Organon Pro - Espa\u00f1a","publisher":{"@id":"https:\/\/organonpro.com\/es-es\/#organization"},"potentialAction":[{"@type":"SearchAction","target":{"@type":"EntryPoint","urlTemplate":"https:\/\/organonpro.com\/es-es\/?s={search_term_string}"},"query-input":{"@type":"PropertyValueSpecification","valueRequired":true,"valueName":"search_term_string"}}],"inLanguage":"en-US"},{"@type":"Organization","@id":"https:\/\/organonpro.com\/es-es\/#organization","name":"Organon Pro - Espa\u00f1a","url":"https:\/\/organonpro.com\/es-es\/","logo":{"@type":"ImageObject","inLanguage":"en-US","@id":"https:\/\/organonpro.com\/es-es\/#\/schema\/logo\/image\/","url":"https:\/\/organonpro.com\/es-es\/wp-content\/uploads\/sites\/11\/2023\/08\/organon-pro-1.webp","contentUrl":"https:\/\/organonpro.com\/es-es\/wp-content\/uploads\/sites\/11\/2023\/08\/organon-pro-1.webp","width":2269,"height":243,"caption":"Organon Pro - Espa\u00f1a"},"image":{"@id":"https:\/\/organonpro.com\/es-es\/#\/schema\/logo\/image\/"},"sameAs":["https:\/\/www.facebook.com\/OrganonandCo","https:\/\/x.com\/OrganonLLC"]}]}},"jetpack_sharing_enabled":true,"_links":{"self":[{"href":"https:\/\/organonpro.com\/es-es\/wp-json\/wp\/v2\/video\/40641","targetHints":{"allow":["GET"]}}],"collection":[{"href":"https:\/\/organonpro.com\/es-es\/wp-json\/wp\/v2\/video"}],"about":[{"href":"https:\/\/organonpro.com\/es-es\/wp-json\/wp\/v2\/types\/video"}],"author":[{"embeddable":true,"href":"https:\/\/organonpro.com\/es-es\/wp-json\/wp\/v2\/users\/118"}],"wp:featuredmedia":[{"embeddable":true,"href":"https:\/\/organonpro.com\/es-es\/wp-json\/wp\/v2\/media\/40805"}],"wp:attachment":[{"href":"https:\/\/organonpro.com\/es-es\/wp-json\/wp\/v2\/media?parent=40641"}],"wp:term":[{"taxonomy":"post_tag","embeddable":true,"href":"https:\/\/organonpro.com\/es-es\/wp-json\/wp\/v2\/tags?post=40641"},{"taxonomy":"video_categories","embeddable":true,"href":"https:\/\/organonpro.com\/es-es\/wp-json\/wp\/v2\/video_categories?post=40641"}],"curies":[{"name":"wp","href":"https:\/\/api.w.org\/{rel}","templated":true}]}}