{"id":2099,"date":"2022-08-04T10:30:10","date_gmt":"2022-08-04T10:30:10","guid":{"rendered":"https:\/\/organonpro.com\/es-es\/?page_id=2099"},"modified":"2026-01-23T09:36:19","modified_gmt":"2026-01-23T09:36:19","slug":"cirugia-2d-reconstruccion-de-ala-y-punta-nasal-mediante-colgajo-paramediano-frontal","status":"publish","type":"video","link":"https:\/\/organonpro.com\/es-es\/video\/cirugia-2d-reconstruccion-de-ala-y-punta-nasal-mediante-colgajo-paramediano-frontal\/","title":{"rendered":"Cirug\u00eda 2D | Reconstrucci\u00f3n de ala y punta nasal mediante colgajo paramediano frontal"},"content":{"rendered":"\n<div class=\"wp-block-columns has-background is-layout-flex wp-container-core-columns-is-layout-9d6595d7 wp-block-columns-is-layout-flex\" style=\"background-color:#f8f8f8\">\n<div class=\"wp-block-column is-vertically-aligned-center is-layout-flow wp-block-column-is-layout-flow\" style=\"flex-basis:45%\">\n<h2 class=\"wp-block-heading has-black-color has-text-color\" id=\"h-cirugia-2d-reconstruccion-de-ala-y-punta-nasal-mediante-colgajo-paramediano-frontal\" style=\"text-transform:none\">Cirug\u00eda 2D | Reconstrucci\u00f3n de ala y punta nasal mediante colgajo paramediano frontal<\/h2>\n\n\n\n<p>Esta cirug\u00eda, realizada por cirujanos maxilofaciales, consiste en la extirpaci\u00f3n de un epitelioma basocelular nasal y su reconstrucci\u00f3n con un colgajo paramediano frontal.<\/p>\n<\/div>\n\n\n\n<div class=\"wp-block-column is-layout-flow wp-block-column-is-layout-flow\" style=\"flex-basis:5%\"><\/div>\n\n\n\n<div class=\"wp-block-column is-layout-flow wp-block-column-is-layout-flow\" style=\"flex-basis:50%\">\t\t<!-- Start of Brightcove Player -->\n\t\t\t\t\t\t<div style=\"display: block; position: relative; min-width: 0px; max-width: 640px;\">\n\t\t\t\t\t<div style=\"padding-top: 56%; \">\n\t\t\t\t\t\t<video-js\n\t\t\t\t\t\t\t\tid=\"6264268146001\"\n\t\t\t\t\t\t\t\tdata-video-id=\"6264268146001\" data-account=\"6241154138001\"\n\t\t\t\t\t\t\t\tdata-player=\"4MzLtNjKo\"\n\t\t\t\t\t\t\t\tdata-usage=\"cms:WordPress:6.8.5:2.8.8:javascript\"\n\t\t\t\t\t\t\t\tdata-embed=\"default\" class=\"video-js\"\n\t\t\t\t\t\t\t\tdata-application-id=\"\"\n\t\t\t\t\t\t\t\tcontrols   \t\t\t\t\t\t\t\tstyle=\"width: 100%; height: 360px; position: absolute; top: 0; bottom: 0; right: 0; left: 0;\">\n\t\t\t\t\t\t<\/video-js>\n\n\t\t\t\t\t\t<script src=\"https:\/\/players.brightcove.net\/6241154138001\/4MzLtNjKo_default\/index.min.js\"><\/script> \t\t\t\t\t<\/div>\n\t\t\t\t<\/div>\n\t\t\t\t\t\t<!-- End of Brightcove Player -->\n\t\t<\/div>\n<\/div>\n\n\n\n<div style=\"height:40px\" aria-hidden=\"true\" class=\"wp-block-spacer\"><\/div>\n\n\n\n<p style=\"font-size:22px\"><strong>\u00bfQu\u00e9 te vas a encontrar en este v\u00eddeo?<\/strong><\/p>\n\n\n\n<ul class=\"wp-block-list\">\n<li>Esta intervenci\u00f3n quir\u00fargica en primera persona<\/li>\n\n\n\n<li>El resultado final de esta cirug\u00eda<\/li>\n\n\n\n<li>El posterior cuidado que se ha de llevar a cabo<\/li>\n<\/ul>\n\n\n\n<div style=\"height:40px\" aria-hidden=\"true\" class=\"wp-block-spacer\"><\/div>\n\n\n\n<p style=\"font-size:22px\"><strong>Experiencias compartidas por:<\/strong><\/p>\n\n\n\n<ul class=\"wp-block-list\">\n<li><strong>Dr. Jos\u00e9 Luis Cebri\u00e1n<\/strong> | Jefe de servicio de Cirug\u00eda Oral y Maxilofacial del Hospital Universitaro La Paz, Hospital Quir\u00f3nsalud Sur de Alcorc\u00f3n y Hospital La Luz (Madrid)<\/li>\n\n\n\n<li><strong>Dr. Pedro Losa<\/strong> |<strong> <\/strong>Especialista en Cirug\u00eda Maxilofacial en el Hospital Universitario La Paz y Hospital Vithas Madrid Aravaca<\/li>\n\n\n\n<li><strong>Dr. \u00cd\u00f1igo Calvo <\/strong>| Especialista en Cirug\u00eda Oral y Maxilofacial del Hospital Universitario de Navarra (Pamplona)<\/li>\n<\/ul>\n\n\n\n<div style=\"height:40px\" aria-hidden=\"true\" class=\"wp-block-spacer\"><\/div>\n\n\n\n<p style=\"font-size:22px\"><strong>V\u00eddeos de cirug\u00edas 2D y 3D<\/strong><\/p>\n\n\n\n<p>Repasa procedimientos quir\u00fargicos&nbsp;de principio a fin con <strong><a href=\"https:\/\/organonpro.com\/es-es\/anatomia-y-cirugia\/\">todos nuestros v\u00eddeos de cirug\u00edas 2D y 3D<\/a><\/strong>.<\/p>\n\n\n\n<div style=\"height:40px\" class=\"wp-block-spacer\"><\/div>\n\n\n\n<p><strong>Recuerda<\/strong>: este v\u00eddeo estar\u00e1 disponible hasta el 10 de marzo de 2030. <\/p>\n","protected":false},"excerpt":{"rendered":"<p>Cirug\u00eda 2D | Reconstrucci\u00f3n de ala y punta nasal mediante colgajo paramediano frontal Esta cirug\u00eda, realizada por cirujanos maxilofaciales, consiste en la extirpaci\u00f3n de un epitelioma basocelular nasal y su reconstrucci\u00f3n con un colgajo paramediano frontal. \u00bfQu\u00e9 te vas a encontrar en este v\u00eddeo? Experiencias compartidas por: V\u00eddeos de cirug\u00edas 2D y 3D Repasa procedimientos [&hellip;]<\/p>\n","protected":false},"author":8,"featured_media":20181,"parent":0,"menu_order":0,"template":"","meta":{"_acf_changed":true},"tags":[],"video_categories":[198],"class_list":["post-2099","video","type-video","status-publish","has-post-thumbnail","hentry","video_categories-otorrinolaringologia"],"acf":[],"yoast_head":"<!-- This site is optimized with the Yoast SEO Premium plugin v20.11 (Yoast SEO v26.6) - https:\/\/yoast.com\/wordpress\/plugins\/seo\/ -->\n<title>Cirug\u00eda 2D | Reconstrucci\u00f3n de ala y punta nasal mediante colgajo paramediano frontal - Organon Pro - Espa\u00f1a<\/title>\n<meta name=\"description\" content=\"Observa de cerca esta cirug\u00eda: la extirpaci\u00f3n de un epitelioma basocelular nasal y su reconstrucci\u00f3n con un colgajo paramediano frontal.\" \/>\n<meta name=\"robots\" content=\"index, follow, max-snippet:-1, max-image-preview:large, max-video-preview:-1\" \/>\n<link rel=\"canonical\" href=\"https:\/\/organonpro.com\/es-es\/video\/cirugia-2d-reconstruccion-de-ala-y-punta-nasal-mediante-colgajo-paramediano-frontal\/\" \/>\n<meta property=\"og:locale\" content=\"en_US\" \/>\n<meta property=\"og:type\" content=\"article\" \/>\n<meta property=\"og:title\" content=\"Cirug\u00eda 2D | Reconstrucci\u00f3n de ala y punta nasal mediante colgajo paramediano frontal\" \/>\n<meta property=\"og:description\" content=\"Observa de cerca esta cirug\u00eda: la extirpaci\u00f3n de un epitelioma basocelular nasal y su reconstrucci\u00f3n con un colgajo paramediano frontal.\" \/>\n<meta property=\"og:url\" content=\"https:\/\/organonpro.com\/es-es\/video\/cirugia-2d-reconstruccion-de-ala-y-punta-nasal-mediante-colgajo-paramediano-frontal\/\" \/>\n<meta property=\"og:site_name\" content=\"Organon Pro - Espa\u00f1a\" \/>\n<meta property=\"article:publisher\" content=\"https:\/\/www.facebook.com\/OrganonandCo\" \/>\n<meta property=\"article:modified_time\" content=\"2026-01-23T09:36:19+00:00\" \/>\n<meta property=\"og:image\" content=\"https:\/\/organonpro.com\/es-es\/wp-content\/uploads\/sites\/11\/2024\/05\/reconstruccion-de-ala-y-punta-nasal-mediante-colgajo-paramediano-frontal-2D.png\" \/>\n\t<meta property=\"og:image:width\" content=\"1200\" \/>\n\t<meta property=\"og:image:height\" content=\"600\" \/>\n\t<meta property=\"og:image:type\" content=\"image\/png\" \/>\n<meta name=\"twitter:card\" content=\"summary_large_image\" \/>\n<meta name=\"twitter:site\" content=\"@OrganonLLC\" \/>\n<meta name=\"twitter:label1\" content=\"Est. reading time\" \/>\n\t<meta name=\"twitter:data1\" content=\"1 minute\" \/>\n<script type=\"application\/ld+json\" class=\"yoast-schema-graph\">{\"@context\":\"https:\/\/schema.org\",\"@graph\":[{\"@type\":\"WebPage\",\"@id\":\"https:\/\/organonpro.com\/es-es\/video\/cirugia-2d-reconstruccion-de-ala-y-punta-nasal-mediante-colgajo-paramediano-frontal\/\",\"url\":\"https:\/\/organonpro.com\/es-es\/video\/cirugia-2d-reconstruccion-de-ala-y-punta-nasal-mediante-colgajo-paramediano-frontal\/\",\"name\":\"Cirug\u00eda 2D | Reconstrucci\u00f3n de ala y punta nasal mediante colgajo paramediano frontal - Organon Pro - Espa\u00f1a\",\"isPartOf\":{\"@id\":\"https:\/\/organonpro.com\/es-es\/#website\"},\"primaryImageOfPage\":{\"@id\":\"https:\/\/organonpro.com\/es-es\/video\/cirugia-2d-reconstruccion-de-ala-y-punta-nasal-mediante-colgajo-paramediano-frontal\/#primaryimage\"},\"image\":{\"@id\":\"https:\/\/organonpro.com\/es-es\/video\/cirugia-2d-reconstruccion-de-ala-y-punta-nasal-mediante-colgajo-paramediano-frontal\/#primaryimage\"},\"thumbnailUrl\":\"https:\/\/organonpro.com\/es-es\/wp-content\/uploads\/sites\/11\/2024\/05\/reconstruccion-de-ala-y-punta-nasal-mediante-colgajo-paramediano-frontal-2D.png\",\"datePublished\":\"2022-08-04T10:30:10+00:00\",\"dateModified\":\"2026-01-23T09:36:19+00:00\",\"description\":\"Observa de cerca esta cirug\u00eda: la extirpaci\u00f3n de un epitelioma basocelular nasal y su reconstrucci\u00f3n con un colgajo paramediano frontal.\",\"breadcrumb\":{\"@id\":\"https:\/\/organonpro.com\/es-es\/video\/cirugia-2d-reconstruccion-de-ala-y-punta-nasal-mediante-colgajo-paramediano-frontal\/#breadcrumb\"},\"inLanguage\":\"en-US\",\"potentialAction\":[{\"@type\":\"ReadAction\",\"target\":[\"https:\/\/organonpro.com\/es-es\/video\/cirugia-2d-reconstruccion-de-ala-y-punta-nasal-mediante-colgajo-paramediano-frontal\/\"]}]},{\"@type\":\"ImageObject\",\"inLanguage\":\"en-US\",\"@id\":\"https:\/\/organonpro.com\/es-es\/video\/cirugia-2d-reconstruccion-de-ala-y-punta-nasal-mediante-colgajo-paramediano-frontal\/#primaryimage\",\"url\":\"https:\/\/organonpro.com\/es-es\/wp-content\/uploads\/sites\/11\/2024\/05\/reconstruccion-de-ala-y-punta-nasal-mediante-colgajo-paramediano-frontal-2D.png\",\"contentUrl\":\"https:\/\/organonpro.com\/es-es\/wp-content\/uploads\/sites\/11\/2024\/05\/reconstruccion-de-ala-y-punta-nasal-mediante-colgajo-paramediano-frontal-2D.png\",\"width\":1200,\"height\":600},{\"@type\":\"BreadcrumbList\",\"@id\":\"https:\/\/organonpro.com\/es-es\/video\/cirugia-2d-reconstruccion-de-ala-y-punta-nasal-mediante-colgajo-paramediano-frontal\/#breadcrumb\",\"itemListElement\":[{\"@type\":\"ListItem\",\"position\":1,\"name\":\"Home\",\"item\":\"https:\/\/organonpro.com\/es-es\/\"},{\"@type\":\"ListItem\",\"position\":2,\"name\":\"video\",\"item\":\"https:\/\/organonpro.com\/es-es\/video\/\"},{\"@type\":\"ListItem\",\"position\":3,\"name\":\"Cirug\u00eda 2D | Reconstrucci\u00f3n de ala y punta nasal mediante colgajo paramediano frontal\"}]},{\"@type\":\"WebSite\",\"@id\":\"https:\/\/organonpro.com\/es-es\/#website\",\"url\":\"https:\/\/organonpro.com\/es-es\/\",\"name\":\"Organon Pro - Espa\u00f1a\",\"description\":\"Organon Pro - Espa\u00f1a\",\"publisher\":{\"@id\":\"https:\/\/organonpro.com\/es-es\/#organization\"},\"potentialAction\":[{\"@type\":\"SearchAction\",\"target\":{\"@type\":\"EntryPoint\",\"urlTemplate\":\"https:\/\/organonpro.com\/es-es\/?s={search_term_string}\"},\"query-input\":{\"@type\":\"PropertyValueSpecification\",\"valueRequired\":true,\"valueName\":\"search_term_string\"}}],\"inLanguage\":\"en-US\"},{\"@type\":\"Organization\",\"@id\":\"https:\/\/organonpro.com\/es-es\/#organization\",\"name\":\"Organon Pro - Espa\u00f1a\",\"url\":\"https:\/\/organonpro.com\/es-es\/\",\"logo\":{\"@type\":\"ImageObject\",\"inLanguage\":\"en-US\",\"@id\":\"https:\/\/organonpro.com\/es-es\/#\/schema\/logo\/image\/\",\"url\":\"https:\/\/organonpro.com\/es-es\/wp-content\/uploads\/sites\/11\/2023\/08\/organon-pro-1.webp\",\"contentUrl\":\"https:\/\/organonpro.com\/es-es\/wp-content\/uploads\/sites\/11\/2023\/08\/organon-pro-1.webp\",\"width\":2269,\"height\":243,\"caption\":\"Organon Pro - Espa\u00f1a\"},\"image\":{\"@id\":\"https:\/\/organonpro.com\/es-es\/#\/schema\/logo\/image\/\"},\"sameAs\":[\"https:\/\/www.facebook.com\/OrganonandCo\",\"https:\/\/x.com\/OrganonLLC\"]}]}<\/script>\n<!-- \/ Yoast SEO Premium plugin. -->","yoast_head_json":{"title":"Cirug\u00eda 2D | Reconstrucci\u00f3n de ala y punta nasal mediante colgajo paramediano frontal - Organon Pro - Espa\u00f1a","description":"Observa de cerca esta cirug\u00eda: la extirpaci\u00f3n de un epitelioma basocelular nasal y su reconstrucci\u00f3n con un colgajo paramediano frontal.","robots":{"index":"index","follow":"follow","max-snippet":"max-snippet:-1","max-image-preview":"max-image-preview:large","max-video-preview":"max-video-preview:-1"},"canonical":"https:\/\/organonpro.com\/es-es\/video\/cirugia-2d-reconstruccion-de-ala-y-punta-nasal-mediante-colgajo-paramediano-frontal\/","og_locale":"en_US","og_type":"article","og_title":"Cirug\u00eda 2D | Reconstrucci\u00f3n de ala y punta nasal mediante colgajo paramediano frontal","og_description":"Observa de cerca esta cirug\u00eda: la extirpaci\u00f3n de un epitelioma basocelular nasal y su reconstrucci\u00f3n con un colgajo paramediano frontal.","og_url":"https:\/\/organonpro.com\/es-es\/video\/cirugia-2d-reconstruccion-de-ala-y-punta-nasal-mediante-colgajo-paramediano-frontal\/","og_site_name":"Organon Pro - Espa\u00f1a","article_publisher":"https:\/\/www.facebook.com\/OrganonandCo","article_modified_time":"2026-01-23T09:36:19+00:00","og_image":[{"width":1200,"height":600,"url":"https:\/\/organonpro.com\/es-es\/wp-content\/uploads\/sites\/11\/2024\/05\/reconstruccion-de-ala-y-punta-nasal-mediante-colgajo-paramediano-frontal-2D.png","type":"image\/png"}],"twitter_card":"summary_large_image","twitter_site":"@OrganonLLC","twitter_misc":{"Est. reading time":"1 minute"},"schema":{"@context":"https:\/\/schema.org","@graph":[{"@type":"WebPage","@id":"https:\/\/organonpro.com\/es-es\/video\/cirugia-2d-reconstruccion-de-ala-y-punta-nasal-mediante-colgajo-paramediano-frontal\/","url":"https:\/\/organonpro.com\/es-es\/video\/cirugia-2d-reconstruccion-de-ala-y-punta-nasal-mediante-colgajo-paramediano-frontal\/","name":"Cirug\u00eda 2D | Reconstrucci\u00f3n de ala y punta nasal mediante colgajo paramediano frontal - Organon Pro - Espa\u00f1a","isPartOf":{"@id":"https:\/\/organonpro.com\/es-es\/#website"},"primaryImageOfPage":{"@id":"https:\/\/organonpro.com\/es-es\/video\/cirugia-2d-reconstruccion-de-ala-y-punta-nasal-mediante-colgajo-paramediano-frontal\/#primaryimage"},"image":{"@id":"https:\/\/organonpro.com\/es-es\/video\/cirugia-2d-reconstruccion-de-ala-y-punta-nasal-mediante-colgajo-paramediano-frontal\/#primaryimage"},"thumbnailUrl":"https:\/\/organonpro.com\/es-es\/wp-content\/uploads\/sites\/11\/2024\/05\/reconstruccion-de-ala-y-punta-nasal-mediante-colgajo-paramediano-frontal-2D.png","datePublished":"2022-08-04T10:30:10+00:00","dateModified":"2026-01-23T09:36:19+00:00","description":"Observa de cerca esta cirug\u00eda: la extirpaci\u00f3n de un epitelioma basocelular nasal y su reconstrucci\u00f3n con un colgajo paramediano frontal.","breadcrumb":{"@id":"https:\/\/organonpro.com\/es-es\/video\/cirugia-2d-reconstruccion-de-ala-y-punta-nasal-mediante-colgajo-paramediano-frontal\/#breadcrumb"},"inLanguage":"en-US","potentialAction":[{"@type":"ReadAction","target":["https:\/\/organonpro.com\/es-es\/video\/cirugia-2d-reconstruccion-de-ala-y-punta-nasal-mediante-colgajo-paramediano-frontal\/"]}]},{"@type":"ImageObject","inLanguage":"en-US","@id":"https:\/\/organonpro.com\/es-es\/video\/cirugia-2d-reconstruccion-de-ala-y-punta-nasal-mediante-colgajo-paramediano-frontal\/#primaryimage","url":"https:\/\/organonpro.com\/es-es\/wp-content\/uploads\/sites\/11\/2024\/05\/reconstruccion-de-ala-y-punta-nasal-mediante-colgajo-paramediano-frontal-2D.png","contentUrl":"https:\/\/organonpro.com\/es-es\/wp-content\/uploads\/sites\/11\/2024\/05\/reconstruccion-de-ala-y-punta-nasal-mediante-colgajo-paramediano-frontal-2D.png","width":1200,"height":600},{"@type":"BreadcrumbList","@id":"https:\/\/organonpro.com\/es-es\/video\/cirugia-2d-reconstruccion-de-ala-y-punta-nasal-mediante-colgajo-paramediano-frontal\/#breadcrumb","itemListElement":[{"@type":"ListItem","position":1,"name":"Home","item":"https:\/\/organonpro.com\/es-es\/"},{"@type":"ListItem","position":2,"name":"video","item":"https:\/\/organonpro.com\/es-es\/video\/"},{"@type":"ListItem","position":3,"name":"Cirug\u00eda 2D | Reconstrucci\u00f3n de ala y punta nasal mediante colgajo paramediano frontal"}]},{"@type":"WebSite","@id":"https:\/\/organonpro.com\/es-es\/#website","url":"https:\/\/organonpro.com\/es-es\/","name":"Organon Pro - Espa\u00f1a","description":"Organon Pro - Espa\u00f1a","publisher":{"@id":"https:\/\/organonpro.com\/es-es\/#organization"},"potentialAction":[{"@type":"SearchAction","target":{"@type":"EntryPoint","urlTemplate":"https:\/\/organonpro.com\/es-es\/?s={search_term_string}"},"query-input":{"@type":"PropertyValueSpecification","valueRequired":true,"valueName":"search_term_string"}}],"inLanguage":"en-US"},{"@type":"Organization","@id":"https:\/\/organonpro.com\/es-es\/#organization","name":"Organon Pro - Espa\u00f1a","url":"https:\/\/organonpro.com\/es-es\/","logo":{"@type":"ImageObject","inLanguage":"en-US","@id":"https:\/\/organonpro.com\/es-es\/#\/schema\/logo\/image\/","url":"https:\/\/organonpro.com\/es-es\/wp-content\/uploads\/sites\/11\/2023\/08\/organon-pro-1.webp","contentUrl":"https:\/\/organonpro.com\/es-es\/wp-content\/uploads\/sites\/11\/2023\/08\/organon-pro-1.webp","width":2269,"height":243,"caption":"Organon Pro - Espa\u00f1a"},"image":{"@id":"https:\/\/organonpro.com\/es-es\/#\/schema\/logo\/image\/"},"sameAs":["https:\/\/www.facebook.com\/OrganonandCo","https:\/\/x.com\/OrganonLLC"]}]}},"jetpack_sharing_enabled":true,"_links":{"self":[{"href":"https:\/\/organonpro.com\/es-es\/wp-json\/wp\/v2\/video\/2099","targetHints":{"allow":["GET"]}}],"collection":[{"href":"https:\/\/organonpro.com\/es-es\/wp-json\/wp\/v2\/video"}],"about":[{"href":"https:\/\/organonpro.com\/es-es\/wp-json\/wp\/v2\/types\/video"}],"author":[{"embeddable":true,"href":"https:\/\/organonpro.com\/es-es\/wp-json\/wp\/v2\/users\/8"}],"wp:featuredmedia":[{"embeddable":true,"href":"https:\/\/organonpro.com\/es-es\/wp-json\/wp\/v2\/media\/20181"}],"wp:attachment":[{"href":"https:\/\/organonpro.com\/es-es\/wp-json\/wp\/v2\/media?parent=2099"}],"wp:term":[{"taxonomy":"post_tag","embeddable":true,"href":"https:\/\/organonpro.com\/es-es\/wp-json\/wp\/v2\/tags?post=2099"},{"taxonomy":"video_categories","embeddable":true,"href":"https:\/\/organonpro.com\/es-es\/wp-json\/wp\/v2\/video_categories?post=2099"}],"curies":[{"name":"wp","href":"https:\/\/api.w.org\/{rel}","templated":true}]}}