{"id":15694,"date":"2023-10-10T07:43:37","date_gmt":"2023-10-10T07:43:37","guid":{"rendered":""},"modified":"2026-01-22T15:47:32","modified_gmt":"2026-01-22T15:47:32","slug":"intervencion-psicologica-de-urgencia-en-casos-de-suicidio","status":"publish","type":"video","link":"https:\/\/organonpro.com\/es-es\/video\/intervencion-psicologica-de-urgencia-en-casos-de-suicidio\/","title":{"rendered":"Suicidio: intervenci\u00f3n psicol\u00f3gica de urgencia"},"content":{"rendered":"\n<div class=\"wp-block-columns has-background is-layout-flex wp-container-core-columns-is-layout-9d6595d7 wp-block-columns-is-layout-flex\" style=\"background-color:#f8f8f8\">\n<div class=\"wp-block-column is-vertically-aligned-center is-layout-flow wp-block-column-is-layout-flow\" style=\"flex-basis:45%\">\n<h2 class=\"wp-block-heading has-black-color has-text-color\" id=\"h-suicidio-intervencion-psicologica-de-urgencia\" style=\"text-transform:none\">Suicidio: intervenci\u00f3n psicol\u00f3gica de urgencia<\/h2>\n\n\n\n<p>En esta sesi\u00f3n del ciclo <strong>Abordaje multidisciplinar en la prevenci\u00f3n del suicidio<\/strong>, hablamos con un experto en suicidio sobre el&nbsp;<strong>papel de la psicolog\u00eda de urgencias<\/strong>&nbsp;y c\u00f3mo se abordan las situaciones de riesgo en el sistema sanitario espa\u00f1ol.<\/p>\n<\/div>\n\n\n\n<div class=\"wp-block-column is-layout-flow wp-block-column-is-layout-flow\" style=\"flex-basis:5%\"><\/div>\n\n\n\n<div class=\"wp-block-column is-layout-flow wp-block-column-is-layout-flow\" style=\"flex-basis:50%\">\t\t<!-- Start of Brightcove Player -->\n\t\t\t\t\t\t<div style=\"display: block; position: relative; min-width: 0px; max-width: 640px;\">\n\t\t\t\t\t<div style=\"padding-top: 56%; \">\n\t\t\t\t\t\t<video-js\n\t\t\t\t\t\t\t\tid=\"6338717927112\"\n\t\t\t\t\t\t\t\tdata-video-id=\"6338717927112\" data-account=\"6241154138001\"\n\t\t\t\t\t\t\t\tdata-player=\"4MzLtNjKo\"\n\t\t\t\t\t\t\t\tdata-usage=\"cms:WordPress:6.8.5:2.8.8:javascript\"\n\t\t\t\t\t\t\t\tdata-embed=\"default\" class=\"video-js\"\n\t\t\t\t\t\t\t\tdata-application-id=\"\"\n\t\t\t\t\t\t\t\tcontrols   \t\t\t\t\t\t\t\tstyle=\"width: 100%; height: 360px; position: absolute; top: 0; bottom: 0; right: 0; left: 0;\">\n\t\t\t\t\t\t<\/video-js>\n\n\t\t\t\t\t\t<script src=\"https:\/\/players.brightcove.net\/6241154138001\/4MzLtNjKo_default\/index.min.js\"><\/script> \t\t\t\t\t<\/div>\n\t\t\t\t<\/div>\n\t\t\t\t\t\t<!-- End of Brightcove Player -->\n\t\t<\/div>\n<\/div>\n\n\n\n<div style=\"height:40px\" class=\"wp-block-spacer\"><\/div>\n\n\n\n<p style=\"font-size:22px\"><strong>\u00bfQu\u00e9 te vas a encontrar en este v\u00eddeo?<\/strong><\/p>\n\n\n\n<ul class=\"wp-block-list\">\n<li>\u00bfC\u00f3mo funcionan los servicios como el tel\u00e9fono 024?<\/li>\n\n\n\n<li>\u00bfSe aborda igual por tel\u00e9fono que in situ una situaci\u00f3n de este tipo? \u00bfQu\u00e9 claves se han de tener en cuenta?<\/li>\n\n\n\n<li>\u00bfCu\u00e1les son los pasos que se siguen en estos casos por parte del sistema sanitario espa\u00f1ol?<\/li>\n\n\n\n<li>\u00bfCu\u00e1ndo se llama a los psic\u00f3logos expertos de emergencia? \u00bfC\u00f3mo se define su labor?<\/li>\n\n\n\n<li>\u00bfC\u00f3mo se tratan estas situaciones de urgencia cuando la persona que est\u00e1 detr\u00e1s de la tentativa de suicidio tiene una patolog\u00eda mental?<\/li>\n\n\n\n<li>\u00bfCu\u00e1l es la labor de los m\u00e9dicos y enfermeros en una situaci\u00f3n de este tipo?<\/li>\n<\/ul>\n\n\n\n<div style=\"height:40px\" class=\"wp-block-spacer\"><\/div>\n\n\n\n<p style=\"font-size:22px\"><strong>Experiencias compartidas por:<\/strong><\/p>\n\n\n\n<ul class=\"wp-block-list\">\n<li><strong>Pedro Mart\u00edn-Barraj\u00f3n Mor\u00e1n<\/strong> | Psic\u00f3logo de emergencias y experto en suicidio<\/li>\n<\/ul>\n\n\n\n<div style=\"height:40px\" class=\"wp-block-spacer\"><\/div>\n\n\n\n<p style=\"font-size:22px\"><strong>Explora otros v\u00eddeos recomendados<\/strong><\/p>\n\n\n\n<p>Completa tu experiencia formativa con el resto de v\u00eddeos del proyecto\u00a0<strong>Abordaje multidisciplinar en la prevenci\u00f3n del suicidio<\/strong>:<\/p>\n\n\n\n<ul class=\"wp-block-list\">\n<li><a href=\"https:\/\/organonpro.com\/es-es\/video\/estrategias-y-programas-de-prevencion-contra-el-suicidio\/\">Suicidio: estrategias y programas de prevenci\u00f3n<\/a><\/li>\n\n\n\n<li><a href=\"https:\/\/organonpro.com\/es-es\/video\/suicidio-en-espana-contexto-y-evaluacion\/\">Suicidio en Espa\u00f1a: contexto y evaluaci\u00f3n<\/a><\/li>\n\n\n\n<li><a href=\"https:\/\/organonpro.com\/es-es\/video\/patologia-dual-y-adicciones-como-desencadenantes-del-suicidio\/\">Patolog\u00eda dual y adicciones como desencadenantes del suicidio<\/a><\/li>\n\n\n\n<li><a href=\"https:\/\/organonpro.com\/es-es\/video\/instrumentos-de-cribado-y-evaluacion-del-riesgo-suicida\/\">Instrumentos de cribado y evaluaci\u00f3n del riesgo suicida<\/a><\/li>\n\n\n\n<li><a href=\"https:\/\/organonpro.com\/es-es\/video\/suicidio-atencion-multidisciplinar-a-los-supervivientes\/\">Atenci\u00f3n multidisciplinar a los supervivientes<\/a><\/li>\n\n\n\n<li><a href=\"https:\/\/organonpro.com\/es-es\/?post_type=video&amp;p=19885\">Intentos de suicidio de alta letalidad: ingreso en unidades m\u00e9dico-quir\u00fargicas&nbsp;<\/a><\/li>\n\n\n\n<li><a href=\"https:\/\/organonpro.com\/es-es\/?post_type=video&amp;p=19934\">Influencia de la ansiedad y la depresi\u00f3n en el riesgo de suicidio<\/a><\/li>\n<\/ul>\n\n\n\n<div style=\"height:40px\" class=\"wp-block-spacer\"><\/div>\n\n\n\n<p><strong>Recuerda<\/strong>: este contenido estar\u00e1 disponible hasta el 1 de septiembre de 2028.<\/p>\n","protected":false},"excerpt":{"rendered":"<p>Suicidio: intervenci\u00f3n psicol\u00f3gica de urgencia En esta sesi\u00f3n del ciclo Abordaje multidisciplinar en la prevenci\u00f3n del suicidio, hablamos con un experto en suicidio sobre el&nbsp;papel de la psicolog\u00eda de urgencias&nbsp;y c\u00f3mo se abordan las situaciones de riesgo en el sistema sanitario espa\u00f1ol. \u00bfQu\u00e9 te vas a encontrar en este v\u00eddeo? Experiencias compartidas por: Explora otros [&hellip;]<\/p>\n","protected":false},"author":118,"featured_media":15695,"parent":0,"menu_order":0,"template":"","meta":{"_acf_changed":false},"tags":[],"video_categories":[33],"class_list":["post-15694","video","type-video","status-publish","has-post-thumbnail","hentry","video_categories-psiquiatria"],"acf":[],"yoast_head":"<!-- This site is optimized with the Yoast SEO Premium plugin v20.11 (Yoast SEO v26.6) - https:\/\/yoast.com\/wordpress\/plugins\/seo\/ -->\n<title>Intervenci\u00f3n psicol\u00f3gica de urgencia en casos de suicidio - Organon Pro - Espa\u00f1a<\/title>\n<meta name=\"description\" content=\"En esta entrevista, profundizaremos en los protocolos de actuaci\u00f3n ante una persona que se quiere suicidar.\" \/>\n<meta name=\"robots\" content=\"index, follow, max-snippet:-1, max-image-preview:large, max-video-preview:-1\" \/>\n<link rel=\"canonical\" href=\"https:\/\/organonpro.com\/es-es\/video\/intervencion-psicologica-de-urgencia-en-casos-de-suicidio\/\" \/>\n<meta property=\"og:locale\" content=\"en_US\" \/>\n<meta property=\"og:type\" content=\"article\" \/>\n<meta property=\"og:title\" content=\"Suicidio: intervenci\u00f3n psicol\u00f3gica de urgencia\" \/>\n<meta property=\"og:description\" content=\"En esta entrevista, profundizaremos en los protocolos de actuaci\u00f3n ante una persona que se quiere suicidar.\" \/>\n<meta property=\"og:url\" content=\"https:\/\/organonpro.com\/es-es\/video\/intervencion-psicologica-de-urgencia-en-casos-de-suicidio\/\" \/>\n<meta property=\"og:site_name\" content=\"Organon Pro - Espa\u00f1a\" \/>\n<meta property=\"article:publisher\" content=\"https:\/\/www.facebook.com\/OrganonandCo\" \/>\n<meta property=\"article:modified_time\" content=\"2026-01-22T15:47:32+00:00\" \/>\n<meta property=\"og:image\" content=\"https:\/\/organonpro.com\/es-es\/wp-content\/uploads\/sites\/11\/2023\/10\/psiquia4.jpg\" \/>\n\t<meta property=\"og:image:width\" content=\"396\" \/>\n\t<meta property=\"og:image:height\" content=\"223\" \/>\n\t<meta property=\"og:image:type\" content=\"image\/jpeg\" \/>\n<meta name=\"twitter:card\" content=\"summary_large_image\" \/>\n<meta name=\"twitter:site\" content=\"@OrganonLLC\" \/>\n<meta name=\"twitter:label1\" content=\"Est. reading time\" \/>\n\t<meta name=\"twitter:data1\" content=\"2 minutes\" \/>\n<script type=\"application\/ld+json\" class=\"yoast-schema-graph\">{\"@context\":\"https:\/\/schema.org\",\"@graph\":[{\"@type\":\"WebPage\",\"@id\":\"https:\/\/organonpro.com\/es-es\/video\/intervencion-psicologica-de-urgencia-en-casos-de-suicidio\/\",\"url\":\"https:\/\/organonpro.com\/es-es\/video\/intervencion-psicologica-de-urgencia-en-casos-de-suicidio\/\",\"name\":\"Intervenci\u00f3n psicol\u00f3gica de urgencia en casos de suicidio - Organon Pro - Espa\u00f1a\",\"isPartOf\":{\"@id\":\"https:\/\/organonpro.com\/es-es\/#website\"},\"primaryImageOfPage\":{\"@id\":\"https:\/\/organonpro.com\/es-es\/video\/intervencion-psicologica-de-urgencia-en-casos-de-suicidio\/#primaryimage\"},\"image\":{\"@id\":\"https:\/\/organonpro.com\/es-es\/video\/intervencion-psicologica-de-urgencia-en-casos-de-suicidio\/#primaryimage\"},\"thumbnailUrl\":\"https:\/\/organonpro.com\/es-es\/wp-content\/uploads\/sites\/11\/2023\/10\/psiquia4.jpg\",\"datePublished\":\"2023-10-10T07:43:37+00:00\",\"dateModified\":\"2026-01-22T15:47:32+00:00\",\"description\":\"En esta entrevista, profundizaremos en los protocolos de actuaci\u00f3n ante una persona que se quiere suicidar.\",\"breadcrumb\":{\"@id\":\"https:\/\/organonpro.com\/es-es\/video\/intervencion-psicologica-de-urgencia-en-casos-de-suicidio\/#breadcrumb\"},\"inLanguage\":\"en-US\",\"potentialAction\":[{\"@type\":\"ReadAction\",\"target\":[\"https:\/\/organonpro.com\/es-es\/video\/intervencion-psicologica-de-urgencia-en-casos-de-suicidio\/\"]}]},{\"@type\":\"ImageObject\",\"inLanguage\":\"en-US\",\"@id\":\"https:\/\/organonpro.com\/es-es\/video\/intervencion-psicologica-de-urgencia-en-casos-de-suicidio\/#primaryimage\",\"url\":\"https:\/\/organonpro.com\/es-es\/wp-content\/uploads\/sites\/11\/2023\/10\/psiquia4.jpg\",\"contentUrl\":\"https:\/\/organonpro.com\/es-es\/wp-content\/uploads\/sites\/11\/2023\/10\/psiquia4.jpg\",\"width\":396,\"height\":223},{\"@type\":\"BreadcrumbList\",\"@id\":\"https:\/\/organonpro.com\/es-es\/video\/intervencion-psicologica-de-urgencia-en-casos-de-suicidio\/#breadcrumb\",\"itemListElement\":[{\"@type\":\"ListItem\",\"position\":1,\"name\":\"Home\",\"item\":\"https:\/\/organonpro.com\/es-es\/\"},{\"@type\":\"ListItem\",\"position\":2,\"name\":\"video\",\"item\":\"https:\/\/organonpro.com\/es-es\/video\/\"},{\"@type\":\"ListItem\",\"position\":3,\"name\":\"Suicidio: intervenci\u00f3n psicol\u00f3gica de urgencia\"}]},{\"@type\":\"WebSite\",\"@id\":\"https:\/\/organonpro.com\/es-es\/#website\",\"url\":\"https:\/\/organonpro.com\/es-es\/\",\"name\":\"Organon Pro - Espa\u00f1a\",\"description\":\"Organon Pro - Espa\u00f1a\",\"publisher\":{\"@id\":\"https:\/\/organonpro.com\/es-es\/#organization\"},\"potentialAction\":[{\"@type\":\"SearchAction\",\"target\":{\"@type\":\"EntryPoint\",\"urlTemplate\":\"https:\/\/organonpro.com\/es-es\/?s={search_term_string}\"},\"query-input\":{\"@type\":\"PropertyValueSpecification\",\"valueRequired\":true,\"valueName\":\"search_term_string\"}}],\"inLanguage\":\"en-US\"},{\"@type\":\"Organization\",\"@id\":\"https:\/\/organonpro.com\/es-es\/#organization\",\"name\":\"Organon Pro - Espa\u00f1a\",\"url\":\"https:\/\/organonpro.com\/es-es\/\",\"logo\":{\"@type\":\"ImageObject\",\"inLanguage\":\"en-US\",\"@id\":\"https:\/\/organonpro.com\/es-es\/#\/schema\/logo\/image\/\",\"url\":\"https:\/\/organonpro.com\/es-es\/wp-content\/uploads\/sites\/11\/2023\/08\/organon-pro-1.webp\",\"contentUrl\":\"https:\/\/organonpro.com\/es-es\/wp-content\/uploads\/sites\/11\/2023\/08\/organon-pro-1.webp\",\"width\":2269,\"height\":243,\"caption\":\"Organon Pro - Espa\u00f1a\"},\"image\":{\"@id\":\"https:\/\/organonpro.com\/es-es\/#\/schema\/logo\/image\/\"},\"sameAs\":[\"https:\/\/www.facebook.com\/OrganonandCo\",\"https:\/\/x.com\/OrganonLLC\"]}]}<\/script>\n<!-- \/ Yoast SEO Premium plugin. -->","yoast_head_json":{"title":"Intervenci\u00f3n psicol\u00f3gica de urgencia en casos de suicidio - Organon Pro - Espa\u00f1a","description":"En esta entrevista, profundizaremos en los protocolos de actuaci\u00f3n ante una persona que se quiere suicidar.","robots":{"index":"index","follow":"follow","max-snippet":"max-snippet:-1","max-image-preview":"max-image-preview:large","max-video-preview":"max-video-preview:-1"},"canonical":"https:\/\/organonpro.com\/es-es\/video\/intervencion-psicologica-de-urgencia-en-casos-de-suicidio\/","og_locale":"en_US","og_type":"article","og_title":"Suicidio: intervenci\u00f3n psicol\u00f3gica de urgencia","og_description":"En esta entrevista, profundizaremos en los protocolos de actuaci\u00f3n ante una persona que se quiere suicidar.","og_url":"https:\/\/organonpro.com\/es-es\/video\/intervencion-psicologica-de-urgencia-en-casos-de-suicidio\/","og_site_name":"Organon Pro - Espa\u00f1a","article_publisher":"https:\/\/www.facebook.com\/OrganonandCo","article_modified_time":"2026-01-22T15:47:32+00:00","og_image":[{"width":396,"height":223,"url":"https:\/\/organonpro.com\/es-es\/wp-content\/uploads\/sites\/11\/2023\/10\/psiquia4.jpg","type":"image\/jpeg"}],"twitter_card":"summary_large_image","twitter_site":"@OrganonLLC","twitter_misc":{"Est. reading time":"2 minutes"},"schema":{"@context":"https:\/\/schema.org","@graph":[{"@type":"WebPage","@id":"https:\/\/organonpro.com\/es-es\/video\/intervencion-psicologica-de-urgencia-en-casos-de-suicidio\/","url":"https:\/\/organonpro.com\/es-es\/video\/intervencion-psicologica-de-urgencia-en-casos-de-suicidio\/","name":"Intervenci\u00f3n psicol\u00f3gica de urgencia en casos de suicidio - Organon Pro - Espa\u00f1a","isPartOf":{"@id":"https:\/\/organonpro.com\/es-es\/#website"},"primaryImageOfPage":{"@id":"https:\/\/organonpro.com\/es-es\/video\/intervencion-psicologica-de-urgencia-en-casos-de-suicidio\/#primaryimage"},"image":{"@id":"https:\/\/organonpro.com\/es-es\/video\/intervencion-psicologica-de-urgencia-en-casos-de-suicidio\/#primaryimage"},"thumbnailUrl":"https:\/\/organonpro.com\/es-es\/wp-content\/uploads\/sites\/11\/2023\/10\/psiquia4.jpg","datePublished":"2023-10-10T07:43:37+00:00","dateModified":"2026-01-22T15:47:32+00:00","description":"En esta entrevista, profundizaremos en los protocolos de actuaci\u00f3n ante una persona que se quiere suicidar.","breadcrumb":{"@id":"https:\/\/organonpro.com\/es-es\/video\/intervencion-psicologica-de-urgencia-en-casos-de-suicidio\/#breadcrumb"},"inLanguage":"en-US","potentialAction":[{"@type":"ReadAction","target":["https:\/\/organonpro.com\/es-es\/video\/intervencion-psicologica-de-urgencia-en-casos-de-suicidio\/"]}]},{"@type":"ImageObject","inLanguage":"en-US","@id":"https:\/\/organonpro.com\/es-es\/video\/intervencion-psicologica-de-urgencia-en-casos-de-suicidio\/#primaryimage","url":"https:\/\/organonpro.com\/es-es\/wp-content\/uploads\/sites\/11\/2023\/10\/psiquia4.jpg","contentUrl":"https:\/\/organonpro.com\/es-es\/wp-content\/uploads\/sites\/11\/2023\/10\/psiquia4.jpg","width":396,"height":223},{"@type":"BreadcrumbList","@id":"https:\/\/organonpro.com\/es-es\/video\/intervencion-psicologica-de-urgencia-en-casos-de-suicidio\/#breadcrumb","itemListElement":[{"@type":"ListItem","position":1,"name":"Home","item":"https:\/\/organonpro.com\/es-es\/"},{"@type":"ListItem","position":2,"name":"video","item":"https:\/\/organonpro.com\/es-es\/video\/"},{"@type":"ListItem","position":3,"name":"Suicidio: intervenci\u00f3n psicol\u00f3gica de urgencia"}]},{"@type":"WebSite","@id":"https:\/\/organonpro.com\/es-es\/#website","url":"https:\/\/organonpro.com\/es-es\/","name":"Organon Pro - Espa\u00f1a","description":"Organon Pro - Espa\u00f1a","publisher":{"@id":"https:\/\/organonpro.com\/es-es\/#organization"},"potentialAction":[{"@type":"SearchAction","target":{"@type":"EntryPoint","urlTemplate":"https:\/\/organonpro.com\/es-es\/?s={search_term_string}"},"query-input":{"@type":"PropertyValueSpecification","valueRequired":true,"valueName":"search_term_string"}}],"inLanguage":"en-US"},{"@type":"Organization","@id":"https:\/\/organonpro.com\/es-es\/#organization","name":"Organon Pro - Espa\u00f1a","url":"https:\/\/organonpro.com\/es-es\/","logo":{"@type":"ImageObject","inLanguage":"en-US","@id":"https:\/\/organonpro.com\/es-es\/#\/schema\/logo\/image\/","url":"https:\/\/organonpro.com\/es-es\/wp-content\/uploads\/sites\/11\/2023\/08\/organon-pro-1.webp","contentUrl":"https:\/\/organonpro.com\/es-es\/wp-content\/uploads\/sites\/11\/2023\/08\/organon-pro-1.webp","width":2269,"height":243,"caption":"Organon Pro - Espa\u00f1a"},"image":{"@id":"https:\/\/organonpro.com\/es-es\/#\/schema\/logo\/image\/"},"sameAs":["https:\/\/www.facebook.com\/OrganonandCo","https:\/\/x.com\/OrganonLLC"]}]}},"jetpack_sharing_enabled":true,"_links":{"self":[{"href":"https:\/\/organonpro.com\/es-es\/wp-json\/wp\/v2\/video\/15694","targetHints":{"allow":["GET"]}}],"collection":[{"href":"https:\/\/organonpro.com\/es-es\/wp-json\/wp\/v2\/video"}],"about":[{"href":"https:\/\/organonpro.com\/es-es\/wp-json\/wp\/v2\/types\/video"}],"author":[{"embeddable":true,"href":"https:\/\/organonpro.com\/es-es\/wp-json\/wp\/v2\/users\/118"}],"wp:featuredmedia":[{"embeddable":true,"href":"https:\/\/organonpro.com\/es-es\/wp-json\/wp\/v2\/media\/15695"}],"wp:attachment":[{"href":"https:\/\/organonpro.com\/es-es\/wp-json\/wp\/v2\/media?parent=15694"}],"wp:term":[{"taxonomy":"post_tag","embeddable":true,"href":"https:\/\/organonpro.com\/es-es\/wp-json\/wp\/v2\/tags?post=15694"},{"taxonomy":"video_categories","embeddable":true,"href":"https:\/\/organonpro.com\/es-es\/wp-json\/wp\/v2\/video_categories?post=15694"}],"curies":[{"name":"wp","href":"https:\/\/api.w.org\/{rel}","templated":true}]}}