{"id":21534,"date":"2025-09-12T07:47:27","date_gmt":"2025-09-12T07:47:27","guid":{"rendered":"https:\/\/organonpro.com\/es-es\/?post_type=organonair_cpt&#038;p=21534"},"modified":"2025-09-12T07:47:28","modified_gmt":"2025-09-12T07:47:28","slug":"neurociencia","status":"publish","type":"organonair_cpt","link":"https:\/\/organonpro.com\/es-es\/organon-air\/neurociencia\/","title":{"rendered":"Neurociencia"},"content":{"rendered":"\n<p style=\"font-size:22px\"><strong>\u00bfQu\u00e9 te vas a encontrar en este podcast?&nbsp;<\/strong><\/p>\n\n\n\n<ul class=\"wp-block-list\">\n<li>El papel de la neurociencia en la sociedad<\/li>\n<\/ul>\n\n\n\n<div style=\"height:40px\" class=\"wp-block-spacer\"><\/div>\n\n\n\n<p style=\"font-size:22px\"><strong>Highlights<\/strong><\/p>\n\n\n\n<p>Te adelantamos algunos de los puntos destacados de este podcast. Son solo una pincelada de la interesante informaci\u00f3n que contiene.&nbsp;<\/p>\n\n\n\n<ul class=\"wp-block-list\">\n<li><em>\u201cYo creo que el punto fundamental es la divulgaci\u00f3n del conocimiento neurocient\u00edfico a la sociedad\u201d &#8211; Dr. Jes\u00fas Porta Etessam<\/em><\/li>\n\n\n\n<li><em>\u201cYo cuando empiezo mis charlas de Neurociencia siempre digo que les tengo que hablar habitualmente media hora, 40 minutos, 45 minutos sobre la estructura del universo m\u00e1s compleja conocida, el cerebro humano\u201d &#8211; Dr. Pedro Bermejo Velasco<\/em><\/li>\n<\/ul>\n\n\n\n<div style=\"height:40px\" class=\"wp-block-spacer\"><\/div>\n\n\n\n<p><strong>Recuerda<\/strong>: este contenido estar\u00e1 disponible hasta el 6 de julio de 2026.<\/p>\n\n\n    <div class=\"OrganonAir-cards\" id=\"OrganonAir-cards-block_f422e3d93becaa56184f36243c4ed86a\">\n                    <div class=\"organonair-related organonair-tabs\">\n                <section class=\"course-cards product-cards resource-cards list-view\">\n                    <div class=\"product-container container\">\n                                                    <div class=\"row justify-content-center\">\n                                <div class=\"col-xl-6 col-md-6 col-sm-12 text-center d-block mb-4\">\n                                                                            <h2>\n                                            Podcast relacionados                                        <\/h2>\n                                                                                                        <\/div>\n                            <\/div>\n                                                <div class=\"product-container\">\n                            <div class=\"row\">\n                                                                        <div class=\"col-xl-12 col-md-12 col-sm-12\">\n                                            <div class=\"course-card product-card card ungated\">\n                                                                                                    <div class=\"card-image hide-img-on-mobile\">\n                                                        <img decoding=\"async\" width=\"172\" height=\"97\" src=\"https:\/\/organonpro.com\/es-es\/wp-content\/uploads\/sites\/11\/2022\/12\/OtorrinolaringologiaSmall.jpg?w=172\" class=\" image-component-fit\" alt=\"\u00bfC\u00f3mo se utiliza la realidad virtual en la rehabilitaci\u00f3n de pacientes con v\u00e9rtigo?\" loading=\"lazy\" srcset=\"https:\/\/organonpro.com\/es-es\/wp-content\/uploads\/sites\/11\/2022\/12\/OtorrinolaringologiaSmall.jpg 1651w, https:\/\/organonpro.com\/es-es\/wp-content\/uploads\/sites\/11\/2022\/12\/OtorrinolaringologiaSmall.jpg?resize=300,169 300w, https:\/\/organonpro.com\/es-es\/wp-content\/uploads\/sites\/11\/2022\/12\/OtorrinolaringologiaSmall.jpg?resize=768,433 768w, https:\/\/organonpro.com\/es-es\/wp-content\/uploads\/sites\/11\/2022\/12\/OtorrinolaringologiaSmall.jpg?resize=1024,577 1024w, https:\/\/organonpro.com\/es-es\/wp-content\/uploads\/sites\/11\/2022\/12\/OtorrinolaringologiaSmall.jpg?resize=1536,865 1536w, https:\/\/organonpro.com\/es-es\/wp-content\/uploads\/sites\/11\/2022\/12\/OtorrinolaringologiaSmall.jpg?resize=224,126 224w, https:\/\/organonpro.com\/es-es\/wp-content\/uploads\/sites\/11\/2022\/12\/OtorrinolaringologiaSmall.jpg?resize=800,451 800w, https:\/\/organonpro.com\/es-es\/wp-content\/uploads\/sites\/11\/2022\/12\/OtorrinolaringologiaSmall.jpg?resize=400,225 400w, https:\/\/organonpro.com\/es-es\/wp-content\/uploads\/sites\/11\/2022\/12\/OtorrinolaringologiaSmall.jpg?resize=720,406 720w, https:\/\/organonpro.com\/es-es\/wp-content\/uploads\/sites\/11\/2022\/12\/OtorrinolaringologiaSmall.jpg?resize=375,211 375w, https:\/\/organonpro.com\/es-es\/wp-content\/uploads\/sites\/11\/2022\/12\/OtorrinolaringologiaSmall.jpg?resize=150,84 150w, https:\/\/organonpro.com\/es-es\/wp-content\/uploads\/sites\/11\/2022\/12\/OtorrinolaringologiaSmall.jpg?resize=396,223 396w, https:\/\/organonpro.com\/es-es\/wp-content\/uploads\/sites\/11\/2022\/12\/OtorrinolaringologiaSmall.jpg?resize=100,56 100w, https:\/\/organonpro.com\/es-es\/wp-content\/uploads\/sites\/11\/2022\/12\/OtorrinolaringologiaSmall.jpg?resize=280,158 280w, https:\/\/organonpro.com\/es-es\/wp-content\/uploads\/sites\/11\/2022\/12\/OtorrinolaringologiaSmall.jpg?resize=64,36 64w, https:\/\/organonpro.com\/es-es\/wp-content\/uploads\/sites\/11\/2022\/12\/OtorrinolaringologiaSmall.jpg?resize=1273,717 1273w, https:\/\/organonpro.com\/es-es\/wp-content\/uploads\/sites\/11\/2022\/12\/OtorrinolaringologiaSmall.jpg?resize=614,346 614w, https:\/\/organonpro.com\/es-es\/wp-content\/uploads\/sites\/11\/2022\/12\/OtorrinolaringologiaSmall.jpg?resize=142,80 142w, https:\/\/organonpro.com\/es-es\/wp-content\/uploads\/sites\/11\/2022\/12\/OtorrinolaringologiaSmall.jpg?resize=172,97 172w, https:\/\/organonpro.com\/es-es\/wp-content\/uploads\/sites\/11\/2022\/12\/OtorrinolaringologiaSmall.jpg?resize=222,125 222w, https:\/\/organonpro.com\/es-es\/wp-content\/uploads\/sites\/11\/2022\/12\/OtorrinolaringologiaSmall.jpg?resize=444,250 444w, https:\/\/organonpro.com\/es-es\/wp-content\/uploads\/sites\/11\/2022\/12\/OtorrinolaringologiaSmall.jpg?resize=952,536 952w, https:\/\/organonpro.com\/es-es\/wp-content\/uploads\/sites\/11\/2022\/12\/OtorrinolaringologiaSmall.jpg?resize=355,200 355w\" sizes=\"auto, (max-width: 172px) 100vw, 172px\" \/>                                                    <\/div>\n                                                                                                <div class=\"right-resource\">\n                                                    <div class=\"card-body\">\n                                                                                                                    <h3 class=\"card-title\">\n                                                                \u00bfC\u00f3mo se utiliza la realidad virtual en la rehabilitaci\u00f3n de pacientes con v\u00e9rtigo?                                                            <\/h3>\n                                                                                                                                                                                <div class=\"card-text\">\n                                                                    \u00bfQui\u00e9n puede sufrir v\u00e9rtigo y c\u00f3mo puede ayudar la realidad virtual en su rehabilitaci\u00f3n? Descubre c\u00f3mo la tecnolog\u00eda, una vez m\u00e1s, est\u00e1 al servicio de la salud.                                                                <\/div>\n                                                                                                                                                                            <ul class=\"card-formats ogn-air-podcast\">\n                                                                <li class=\"card-format credits\">\n\t\t\t\t\t\t\t\t\t<ion-icon name=\"mic\"><\/ion-icon>\n\t\t\t\t\t\t\t\t\t<span>Dr. Francisco Valde\u00f3n Ar\u00e9valo. Especialista en otorrinolaringolog\u00eda. Jefe de la Unidad de Equilibrio y V\u00e9rtigo del Hospital L\u00f3pez Cano (C\u00e1diz). Director de la Unidad de V\u00e9rtigo Balance (Marbella)<\/span>\n\t\t\t\t\t\t\t\t<\/li><li class=\"card-format time\">\n\t\t\t\t\t\t\t\t\t<ion-icon name=\"hourglass\"><\/ion-icon>\n\t\t\t\t\t\t\t\t\t<span>21 min<\/span>\n\t\t\t\t\t\t\t\t<\/li><li class=\"card-format online\">\n\t\t\t\t\t\t\t\t\t<ion-icon name=\"medical\"><\/ion-icon>\n\t\t\t\t\t\t\t\t\t<span>Otorrinolaringolog\u00eda<\/span>\n\t\t\t\t\t\t\t\t<\/li>                                                            <\/ul>\n                                                                                                            <\/div>\n                                                    <div class=\"card-footer\">\n                                                                                                                    <a class=\"btn-round podcastplay\" href=\"javascript:void(0);\" data-img=\"\" data-title=\"\u00bfC\u00f3mo se utiliza la realidad virtual en la rehabilitaci\u00f3n de pacientes con v\u00e9rtigo?\" data-author=\"Dr. Francisco Valde\u00f3n Ar\u00e9valo. Especialista en otorrinolaringolog\u00eda. Jefe de la Unidad de Equilibrio y V\u00e9rtigo del Hospital L\u00f3pez Cano (C\u00e1diz). Director de la Unidad de V\u00e9rtigo Balance (Marbella)\" data-mediaurl=\"https:\/\/players.brightcove.net\/6241154138001\/default_default\/index.html?videoId=6350630688112\" data-id=\"bcpodcastPlayer19458\"><ion-icon name=\"play\"><\/ion-icon><\/a>                                                                                                                            <a class=\"btn btn-outline\"\n                                                                    href=\"https:\/\/organonpro.com\/es-es\/organon-air\/como-se-utiliza-la-realidad-virtual-en-la-rehabilitacion-de-pacientes-con-vertigo\/\">Ver m\u00e1s<\/a>\n                                                                                                            <\/div>\n                                                <\/div>\n                                            <\/div>\n                                        <\/div>\n                                                                            <div class=\"col-xl-12 col-md-12 col-sm-12\">\n                                            <div class=\"course-card product-card card ungated\">\n                                                                                                    <div class=\"card-image hide-img-on-mobile\">\n                                                        <img decoding=\"async\" width=\"172\" height=\"97\" src=\"https:\/\/organonpro.com\/es-es\/wp-content\/uploads\/sites\/11\/2022\/12\/AlergologiaSmall.jpg?w=172\" class=\" image-component-fit\" alt=\"Urticarias agudas y sus principales causas\" loading=\"lazy\" srcset=\"https:\/\/organonpro.com\/es-es\/wp-content\/uploads\/sites\/11\/2022\/12\/AlergologiaSmall.jpg 1651w, https:\/\/organonpro.com\/es-es\/wp-content\/uploads\/sites\/11\/2022\/12\/AlergologiaSmall.jpg?resize=300,169 300w, https:\/\/organonpro.com\/es-es\/wp-content\/uploads\/sites\/11\/2022\/12\/AlergologiaSmall.jpg?resize=768,433 768w, https:\/\/organonpro.com\/es-es\/wp-content\/uploads\/sites\/11\/2022\/12\/AlergologiaSmall.jpg?resize=1024,577 1024w, https:\/\/organonpro.com\/es-es\/wp-content\/uploads\/sites\/11\/2022\/12\/AlergologiaSmall.jpg?resize=1536,865 1536w, https:\/\/organonpro.com\/es-es\/wp-content\/uploads\/sites\/11\/2022\/12\/AlergologiaSmall.jpg?resize=224,126 224w, https:\/\/organonpro.com\/es-es\/wp-content\/uploads\/sites\/11\/2022\/12\/AlergologiaSmall.jpg?resize=800,451 800w, https:\/\/organonpro.com\/es-es\/wp-content\/uploads\/sites\/11\/2022\/12\/AlergologiaSmall.jpg?resize=400,225 400w, https:\/\/organonpro.com\/es-es\/wp-content\/uploads\/sites\/11\/2022\/12\/AlergologiaSmall.jpg?resize=720,406 720w, https:\/\/organonpro.com\/es-es\/wp-content\/uploads\/sites\/11\/2022\/12\/AlergologiaSmall.jpg?resize=375,211 375w, https:\/\/organonpro.com\/es-es\/wp-content\/uploads\/sites\/11\/2022\/12\/AlergologiaSmall.jpg?resize=150,84 150w, https:\/\/organonpro.com\/es-es\/wp-content\/uploads\/sites\/11\/2022\/12\/AlergologiaSmall.jpg?resize=396,223 396w, https:\/\/organonpro.com\/es-es\/wp-content\/uploads\/sites\/11\/2022\/12\/AlergologiaSmall.jpg?resize=100,56 100w, https:\/\/organonpro.com\/es-es\/wp-content\/uploads\/sites\/11\/2022\/12\/AlergologiaSmall.jpg?resize=280,158 280w, https:\/\/organonpro.com\/es-es\/wp-content\/uploads\/sites\/11\/2022\/12\/AlergologiaSmall.jpg?resize=64,36 64w, https:\/\/organonpro.com\/es-es\/wp-content\/uploads\/sites\/11\/2022\/12\/AlergologiaSmall.jpg?resize=1273,717 1273w, https:\/\/organonpro.com\/es-es\/wp-content\/uploads\/sites\/11\/2022\/12\/AlergologiaSmall.jpg?resize=614,346 614w, https:\/\/organonpro.com\/es-es\/wp-content\/uploads\/sites\/11\/2022\/12\/AlergologiaSmall.jpg?resize=142,80 142w, https:\/\/organonpro.com\/es-es\/wp-content\/uploads\/sites\/11\/2022\/12\/AlergologiaSmall.jpg?resize=172,97 172w, https:\/\/organonpro.com\/es-es\/wp-content\/uploads\/sites\/11\/2022\/12\/AlergologiaSmall.jpg?resize=222,125 222w, https:\/\/organonpro.com\/es-es\/wp-content\/uploads\/sites\/11\/2022\/12\/AlergologiaSmall.jpg?resize=444,250 444w, https:\/\/organonpro.com\/es-es\/wp-content\/uploads\/sites\/11\/2022\/12\/AlergologiaSmall.jpg?resize=952,536 952w, https:\/\/organonpro.com\/es-es\/wp-content\/uploads\/sites\/11\/2022\/12\/AlergologiaSmall.jpg?resize=355,200 355w\" sizes=\"auto, (max-width: 172px) 100vw, 172px\" \/>                                                    <\/div>\n                                                                                                <div class=\"right-resource\">\n                                                    <div class=\"card-body\">\n                                                                                                                    <h3 class=\"card-title\">\n                                                                Urticarias agudas y sus principales causas                                                            <\/h3>\n                                                                                                                                                                                <div class=\"card-text\">\n                                                                    \u00bfQu\u00e9 factores pueden desencadenar la urticaria aguda? \u00bfC\u00f3mo podemos tratarla? Aqu\u00ed tienes la respuesta a estas y otras preguntas relacionadas.                                                                <\/div>\n                                                                                                                                                                            <ul class=\"card-formats ogn-air-podcast\">\n                                                                <li class=\"card-format credits\">\n\t\t\t\t\t\t\t\t\t<ion-icon name=\"mic\"><\/ion-icon>\n\t\t\t\t\t\t\t\t\t<span>Dra. Karen Lozano Mosquera. Alerg\u00f3loga  en el Hospital General de Catalu\u00f1a<\/span>\n\t\t\t\t\t\t\t\t<\/li><li class=\"card-format time\">\n\t\t\t\t\t\t\t\t\t<ion-icon name=\"hourglass\"><\/ion-icon>\n\t\t\t\t\t\t\t\t\t<span>9 min<\/span>\n\t\t\t\t\t\t\t\t<\/li><li class=\"card-format online\">\n\t\t\t\t\t\t\t\t\t<ion-icon name=\"medical\"><\/ion-icon>\n\t\t\t\t\t\t\t\t\t<span>Alergolog\u00eda, Atenci\u00f3n Primaria, Dermatolog\u00eda<\/span>\n\t\t\t\t\t\t\t\t<\/li>                                                            <\/ul>\n                                                                                                            <\/div>\n                                                    <div class=\"card-footer\">\n                                                                                                                    <a class=\"btn-round podcastplay\" href=\"javascript:void(0);\" data-img=\"\" data-title=\"Urticarias agudas y sus principales causas\" data-author=\"Dra. Karen Lozano Mosquera. Alerg\u00f3loga  en el Hospital General de Catalu\u00f1a\" data-mediaurl=\"https:\/\/players.brightcove.net\/6241154138001\/default_default\/index.html?videoId=6351094943112\" data-id=\"bcpodcastPlayer19797\"><ion-icon name=\"play\"><\/ion-icon><\/a>                                                                                                                            <a class=\"btn btn-outline\"\n                                                                    href=\"https:\/\/organonpro.com\/es-es\/organon-air\/urticarias-agudas-y-sus-principales-causas\/\">Ver m\u00e1s<\/a>\n                                                                                                            <\/div>\n                                                <\/div>\n                                            <\/div>\n                                        <\/div>\n                                                                            <div class=\"col-xl-12 col-md-12 col-sm-12\">\n                                            <div class=\"course-card product-card card ungated\">\n                                                                                                    <div class=\"card-image hide-img-on-mobile\">\n                                                        <img decoding=\"async\" width=\"172\" height=\"97\" src=\"https:\/\/organonpro.com\/es-es\/wp-content\/uploads\/sites\/11\/2022\/12\/MujerSmall.jpg?w=172\" class=\" image-component-fit\" alt=\"La mujer en la ciencia\" loading=\"lazy\" srcset=\"https:\/\/organonpro.com\/es-es\/wp-content\/uploads\/sites\/11\/2022\/12\/MujerSmall.jpg 1651w, https:\/\/organonpro.com\/es-es\/wp-content\/uploads\/sites\/11\/2022\/12\/MujerSmall.jpg?resize=300,169 300w, https:\/\/organonpro.com\/es-es\/wp-content\/uploads\/sites\/11\/2022\/12\/MujerSmall.jpg?resize=768,433 768w, https:\/\/organonpro.com\/es-es\/wp-content\/uploads\/sites\/11\/2022\/12\/MujerSmall.jpg?resize=1024,577 1024w, https:\/\/organonpro.com\/es-es\/wp-content\/uploads\/sites\/11\/2022\/12\/MujerSmall.jpg?resize=1536,865 1536w, https:\/\/organonpro.com\/es-es\/wp-content\/uploads\/sites\/11\/2022\/12\/MujerSmall.jpg?resize=224,126 224w, https:\/\/organonpro.com\/es-es\/wp-content\/uploads\/sites\/11\/2022\/12\/MujerSmall.jpg?resize=800,451 800w, https:\/\/organonpro.com\/es-es\/wp-content\/uploads\/sites\/11\/2022\/12\/MujerSmall.jpg?resize=400,225 400w, https:\/\/organonpro.com\/es-es\/wp-content\/uploads\/sites\/11\/2022\/12\/MujerSmall.jpg?resize=720,406 720w, https:\/\/organonpro.com\/es-es\/wp-content\/uploads\/sites\/11\/2022\/12\/MujerSmall.jpg?resize=375,211 375w, https:\/\/organonpro.com\/es-es\/wp-content\/uploads\/sites\/11\/2022\/12\/MujerSmall.jpg?resize=150,84 150w, https:\/\/organonpro.com\/es-es\/wp-content\/uploads\/sites\/11\/2022\/12\/MujerSmall.jpg?resize=396,223 396w, https:\/\/organonpro.com\/es-es\/wp-content\/uploads\/sites\/11\/2022\/12\/MujerSmall.jpg?resize=100,56 100w, https:\/\/organonpro.com\/es-es\/wp-content\/uploads\/sites\/11\/2022\/12\/MujerSmall.jpg?resize=280,158 280w, https:\/\/organonpro.com\/es-es\/wp-content\/uploads\/sites\/11\/2022\/12\/MujerSmall.jpg?resize=64,36 64w, https:\/\/organonpro.com\/es-es\/wp-content\/uploads\/sites\/11\/2022\/12\/MujerSmall.jpg?resize=1273,717 1273w, https:\/\/organonpro.com\/es-es\/wp-content\/uploads\/sites\/11\/2022\/12\/MujerSmall.jpg?resize=614,346 614w, https:\/\/organonpro.com\/es-es\/wp-content\/uploads\/sites\/11\/2022\/12\/MujerSmall.jpg?resize=142,80 142w, https:\/\/organonpro.com\/es-es\/wp-content\/uploads\/sites\/11\/2022\/12\/MujerSmall.jpg?resize=172,97 172w, https:\/\/organonpro.com\/es-es\/wp-content\/uploads\/sites\/11\/2022\/12\/MujerSmall.jpg?resize=222,125 222w, https:\/\/organonpro.com\/es-es\/wp-content\/uploads\/sites\/11\/2022\/12\/MujerSmall.jpg?resize=444,250 444w, https:\/\/organonpro.com\/es-es\/wp-content\/uploads\/sites\/11\/2022\/12\/MujerSmall.jpg?resize=952,536 952w, https:\/\/organonpro.com\/es-es\/wp-content\/uploads\/sites\/11\/2022\/12\/MujerSmall.jpg?resize=355,200 355w\" sizes=\"auto, (max-width: 172px) 100vw, 172px\" \/>                                                    <\/div>\n                                                                                                <div class=\"right-resource\">\n                                                    <div class=\"card-body\">\n                                                                                                                    <h3 class=\"card-title\">\n                                                                La mujer en la ciencia                                                            <\/h3>\n                                                                                                                                                                                <div class=\"card-text\">\n                                                                    Para mirar al futuro, hay que analizar qu\u00e9 se puede mejorar en el presente. Hablamos sobre c\u00f3mo convertir la perspectiva de g\u00e9nero en una realidad en la ciencia.                                                                <\/div>\n                                                                                                                                                                            <ul class=\"card-formats ogn-air-podcast\">\n                                                                <li class=\"card-format credits\">\n\t\t\t\t\t\t\t\t\t<ion-icon name=\"mic\"><\/ion-icon>\n\t\t\t\t\t\t\t\t\t<span>Dra. Trinidad Serrano. Jefa de Secci\u00f3n de Hepatolog\u00eda del Hospital Cl\u00ednico Universitario Lozano Blesa. Profesora asociada de Medicina de la Universidad de Zaragoza. Miembro de la Asociaci\u00f3n de Mujeres Investigadoras y Tecn\u00f3logas (AMIT)<\/span>\n\t\t\t\t\t\t\t\t<\/li><li class=\"card-format time\">\n\t\t\t\t\t\t\t\t\t<ion-icon name=\"hourglass\"><\/ion-icon>\n\t\t\t\t\t\t\t\t\t<span>16 min<\/span>\n\t\t\t\t\t\t\t\t<\/li><li class=\"card-format online\">\n\t\t\t\t\t\t\t\t\t<ion-icon name=\"medical\"><\/ion-icon>\n\t\t\t\t\t\t\t\t\t<span>Mujer<\/span>\n\t\t\t\t\t\t\t\t<\/li>                                                            <\/ul>\n                                                                                                            <\/div>\n                                                    <div class=\"card-footer\">\n                                                                                                                    <a class=\"btn-round podcastplay\" href=\"javascript:void(0);\" data-img=\"\" data-title=\"La mujer en la ciencia\" data-author=\"Dra. Trinidad Serrano. Jefa de Secci\u00f3n de Hepatolog\u00eda del Hospital Cl\u00ednico Universitario Lozano Blesa. Profesora asociada de Medicina de la Universidad de Zaragoza. Miembro de la Asociaci\u00f3n de Mujeres Investigadoras y Tecn\u00f3logas (AMIT)\" data-mediaurl=\"https:\/\/players.brightcove.net\/6241154138001\/default_default\/index.html?videoId=6342165620112\" data-id=\"bcpodcastPlayer17623\"><ion-icon name=\"play\"><\/ion-icon><\/a>                                                                                                                            <a class=\"btn btn-outline\"\n                                                                    href=\"https:\/\/organonpro.com\/es-es\/organon-air\/la-mujer-en-la-ciencia\/\">Ver m\u00e1s<\/a>\n                                                                                                            <\/div>\n                                                <\/div>\n                                            <\/div>\n                                        <\/div>\n                                                                            <div class=\"col col-lg-12\">\n                                            <div class=\"product-view view-block\">\n                                                                                                    <a class=\"view-link\"\n                                                        href=\"https:\/\/organonpro.com\/es-es\/organonair-listing\/?category=\">Mostrar m\u00e1s<\/a>\n                                                                                            <\/div>\n                                        <\/div>\n                                                                <\/div>\n                        <\/div>\n                    <\/div>\n                <\/section>\n            <\/div>\n            <\/div>\n","protected":false},"excerpt":{"rendered":"<p>\u00bfQu\u00e9 te vas a encontrar en este podcast?&nbsp; Highlights Te adelantamos algunos de los puntos destacados de este podcast. Son solo una pincelada de la interesante informaci\u00f3n que contiene.&nbsp; Recuerda: este contenido estar\u00e1 disponible hasta el 6 de julio de 2026.<\/p>\n","protected":false},"author":118,"featured_media":10168,"parent":0,"menu_order":0,"template":"","meta":{"_acf_changed":true},"tags":[],"organonair_category":[133,132],"class_list":["post-21534","organonair_cpt","type-organonair_cpt","status-publish","has-post-thumbnail","hentry","organonair_category-neurologia","organonair_category-psiquiatria"],"acf":[],"yoast_head":"<!-- This site is optimized with the Yoast SEO Premium plugin v20.11 (Yoast SEO v26.6) - https:\/\/yoast.com\/wordpress\/plugins\/seo\/ -->\n<title>Neurociencia - Organon Pro - Espa\u00f1a<\/title>\n<meta name=\"description\" content=\"El papel de la neurociencia en la sociedad es el foco de este breve podcast. Lo revisamos con los neur\u00f3logos Jes\u00fas Porta y Pedro Bermejo.\" \/>\n<meta name=\"robots\" content=\"index, follow, max-snippet:-1, max-image-preview:large, max-video-preview:-1\" \/>\n<link rel=\"canonical\" href=\"https:\/\/organonpro.com\/es-es\/organon-air\/neurociencia\/\" \/>\n<meta property=\"og:locale\" content=\"en_US\" \/>\n<meta property=\"og:type\" content=\"article\" \/>\n<meta property=\"og:title\" content=\"Neurociencia\" \/>\n<meta property=\"og:description\" content=\"El papel de la neurociencia en la sociedad es el foco de este breve podcast. Lo revisamos con los neur\u00f3logos Jes\u00fas Porta y Pedro Bermejo.\" \/>\n<meta property=\"og:url\" content=\"https:\/\/organonpro.com\/es-es\/organon-air\/neurociencia\/\" \/>\n<meta property=\"og:site_name\" content=\"Organon Pro - Espa\u00f1a\" \/>\n<meta property=\"article:publisher\" content=\"https:\/\/www.facebook.com\/OrganonandCo\" \/>\n<meta property=\"article:modified_time\" content=\"2025-09-12T07:47:28+00:00\" \/>\n<meta property=\"og:image\" content=\"https:\/\/organonpro.com\/es-es\/wp-content\/uploads\/sites\/11\/2022\/12\/NeurologiaSmall.jpg\" \/>\n\t<meta property=\"og:image:width\" content=\"1651\" \/>\n\t<meta property=\"og:image:height\" content=\"930\" \/>\n\t<meta property=\"og:image:type\" content=\"image\/jpeg\" \/>\n<meta name=\"twitter:card\" content=\"summary_large_image\" \/>\n<meta name=\"twitter:site\" content=\"@OrganonLLC\" \/>\n<meta name=\"twitter:label1\" content=\"Est. reading time\" \/>\n\t<meta name=\"twitter:data1\" content=\"1 minute\" \/>\n<script type=\"application\/ld+json\" class=\"yoast-schema-graph\">{\"@context\":\"https:\/\/schema.org\",\"@graph\":[{\"@type\":\"WebPage\",\"@id\":\"https:\/\/organonpro.com\/es-es\/organon-air\/neurociencia\/\",\"url\":\"https:\/\/organonpro.com\/es-es\/organon-air\/neurociencia\/\",\"name\":\"Neurociencia - Organon Pro - Espa\u00f1a\",\"isPartOf\":{\"@id\":\"https:\/\/organonpro.com\/es-es\/#website\"},\"primaryImageOfPage\":{\"@id\":\"https:\/\/organonpro.com\/es-es\/organon-air\/neurociencia\/#primaryimage\"},\"image\":{\"@id\":\"https:\/\/organonpro.com\/es-es\/organon-air\/neurociencia\/#primaryimage\"},\"thumbnailUrl\":\"https:\/\/organonpro.com\/es-es\/wp-content\/uploads\/sites\/11\/2022\/12\/NeurologiaSmall.jpg\",\"datePublished\":\"2025-09-12T07:47:27+00:00\",\"dateModified\":\"2025-09-12T07:47:28+00:00\",\"description\":\"El papel de la neurociencia en la sociedad es el foco de este breve podcast. Lo revisamos con los neur\u00f3logos Jes\u00fas Porta y Pedro Bermejo.\",\"breadcrumb\":{\"@id\":\"https:\/\/organonpro.com\/es-es\/organon-air\/neurociencia\/#breadcrumb\"},\"inLanguage\":\"en-US\",\"potentialAction\":[{\"@type\":\"ReadAction\",\"target\":[\"https:\/\/organonpro.com\/es-es\/organon-air\/neurociencia\/\"]}]},{\"@type\":\"ImageObject\",\"inLanguage\":\"en-US\",\"@id\":\"https:\/\/organonpro.com\/es-es\/organon-air\/neurociencia\/#primaryimage\",\"url\":\"https:\/\/organonpro.com\/es-es\/wp-content\/uploads\/sites\/11\/2022\/12\/NeurologiaSmall.jpg\",\"contentUrl\":\"https:\/\/organonpro.com\/es-es\/wp-content\/uploads\/sites\/11\/2022\/12\/NeurologiaSmall.jpg\",\"width\":1651,\"height\":930},{\"@type\":\"BreadcrumbList\",\"@id\":\"https:\/\/organonpro.com\/es-es\/organon-air\/neurociencia\/#breadcrumb\",\"itemListElement\":[{\"@type\":\"ListItem\",\"position\":1,\"name\":\"Home\",\"item\":\"https:\/\/organonpro.com\/es-es\/\"},{\"@type\":\"ListItem\",\"position\":2,\"name\":\"Organon Air\",\"item\":\"https:\/\/organonpro.com\/es-es\/organon-air\/\"},{\"@type\":\"ListItem\",\"position\":3,\"name\":\"Neurociencia\"}]},{\"@type\":\"WebSite\",\"@id\":\"https:\/\/organonpro.com\/es-es\/#website\",\"url\":\"https:\/\/organonpro.com\/es-es\/\",\"name\":\"Organon Pro - Espa\u00f1a\",\"description\":\"Organon Pro - Espa\u00f1a\",\"publisher\":{\"@id\":\"https:\/\/organonpro.com\/es-es\/#organization\"},\"potentialAction\":[{\"@type\":\"SearchAction\",\"target\":{\"@type\":\"EntryPoint\",\"urlTemplate\":\"https:\/\/organonpro.com\/es-es\/?s={search_term_string}\"},\"query-input\":{\"@type\":\"PropertyValueSpecification\",\"valueRequired\":true,\"valueName\":\"search_term_string\"}}],\"inLanguage\":\"en-US\"},{\"@type\":\"Organization\",\"@id\":\"https:\/\/organonpro.com\/es-es\/#organization\",\"name\":\"Organon Pro - Espa\u00f1a\",\"url\":\"https:\/\/organonpro.com\/es-es\/\",\"logo\":{\"@type\":\"ImageObject\",\"inLanguage\":\"en-US\",\"@id\":\"https:\/\/organonpro.com\/es-es\/#\/schema\/logo\/image\/\",\"url\":\"https:\/\/organonpro.com\/es-es\/wp-content\/uploads\/sites\/11\/2023\/08\/organon-pro-1.webp\",\"contentUrl\":\"https:\/\/organonpro.com\/es-es\/wp-content\/uploads\/sites\/11\/2023\/08\/organon-pro-1.webp\",\"width\":2269,\"height\":243,\"caption\":\"Organon Pro - Espa\u00f1a\"},\"image\":{\"@id\":\"https:\/\/organonpro.com\/es-es\/#\/schema\/logo\/image\/\"},\"sameAs\":[\"https:\/\/www.facebook.com\/OrganonandCo\",\"https:\/\/x.com\/OrganonLLC\"]}]}<\/script>\n<!-- \/ Yoast SEO Premium plugin. -->","yoast_head_json":{"title":"Neurociencia - Organon Pro - Espa\u00f1a","description":"El papel de la neurociencia en la sociedad es el foco de este breve podcast. Lo revisamos con los neur\u00f3logos Jes\u00fas Porta y Pedro Bermejo.","robots":{"index":"index","follow":"follow","max-snippet":"max-snippet:-1","max-image-preview":"max-image-preview:large","max-video-preview":"max-video-preview:-1"},"canonical":"https:\/\/organonpro.com\/es-es\/organon-air\/neurociencia\/","og_locale":"en_US","og_type":"article","og_title":"Neurociencia","og_description":"El papel de la neurociencia en la sociedad es el foco de este breve podcast. Lo revisamos con los neur\u00f3logos Jes\u00fas Porta y Pedro Bermejo.","og_url":"https:\/\/organonpro.com\/es-es\/organon-air\/neurociencia\/","og_site_name":"Organon Pro - Espa\u00f1a","article_publisher":"https:\/\/www.facebook.com\/OrganonandCo","article_modified_time":"2025-09-12T07:47:28+00:00","og_image":[{"width":1651,"height":930,"url":"https:\/\/organonpro.com\/es-es\/wp-content\/uploads\/sites\/11\/2022\/12\/NeurologiaSmall.jpg","type":"image\/jpeg"}],"twitter_card":"summary_large_image","twitter_site":"@OrganonLLC","twitter_misc":{"Est. reading time":"1 minute"},"schema":{"@context":"https:\/\/schema.org","@graph":[{"@type":"WebPage","@id":"https:\/\/organonpro.com\/es-es\/organon-air\/neurociencia\/","url":"https:\/\/organonpro.com\/es-es\/organon-air\/neurociencia\/","name":"Neurociencia - Organon Pro - Espa\u00f1a","isPartOf":{"@id":"https:\/\/organonpro.com\/es-es\/#website"},"primaryImageOfPage":{"@id":"https:\/\/organonpro.com\/es-es\/organon-air\/neurociencia\/#primaryimage"},"image":{"@id":"https:\/\/organonpro.com\/es-es\/organon-air\/neurociencia\/#primaryimage"},"thumbnailUrl":"https:\/\/organonpro.com\/es-es\/wp-content\/uploads\/sites\/11\/2022\/12\/NeurologiaSmall.jpg","datePublished":"2025-09-12T07:47:27+00:00","dateModified":"2025-09-12T07:47:28+00:00","description":"El papel de la neurociencia en la sociedad es el foco de este breve podcast. Lo revisamos con los neur\u00f3logos Jes\u00fas Porta y Pedro Bermejo.","breadcrumb":{"@id":"https:\/\/organonpro.com\/es-es\/organon-air\/neurociencia\/#breadcrumb"},"inLanguage":"en-US","potentialAction":[{"@type":"ReadAction","target":["https:\/\/organonpro.com\/es-es\/organon-air\/neurociencia\/"]}]},{"@type":"ImageObject","inLanguage":"en-US","@id":"https:\/\/organonpro.com\/es-es\/organon-air\/neurociencia\/#primaryimage","url":"https:\/\/organonpro.com\/es-es\/wp-content\/uploads\/sites\/11\/2022\/12\/NeurologiaSmall.jpg","contentUrl":"https:\/\/organonpro.com\/es-es\/wp-content\/uploads\/sites\/11\/2022\/12\/NeurologiaSmall.jpg","width":1651,"height":930},{"@type":"BreadcrumbList","@id":"https:\/\/organonpro.com\/es-es\/organon-air\/neurociencia\/#breadcrumb","itemListElement":[{"@type":"ListItem","position":1,"name":"Home","item":"https:\/\/organonpro.com\/es-es\/"},{"@type":"ListItem","position":2,"name":"Organon Air","item":"https:\/\/organonpro.com\/es-es\/organon-air\/"},{"@type":"ListItem","position":3,"name":"Neurociencia"}]},{"@type":"WebSite","@id":"https:\/\/organonpro.com\/es-es\/#website","url":"https:\/\/organonpro.com\/es-es\/","name":"Organon Pro - Espa\u00f1a","description":"Organon Pro - Espa\u00f1a","publisher":{"@id":"https:\/\/organonpro.com\/es-es\/#organization"},"potentialAction":[{"@type":"SearchAction","target":{"@type":"EntryPoint","urlTemplate":"https:\/\/organonpro.com\/es-es\/?s={search_term_string}"},"query-input":{"@type":"PropertyValueSpecification","valueRequired":true,"valueName":"search_term_string"}}],"inLanguage":"en-US"},{"@type":"Organization","@id":"https:\/\/organonpro.com\/es-es\/#organization","name":"Organon Pro - Espa\u00f1a","url":"https:\/\/organonpro.com\/es-es\/","logo":{"@type":"ImageObject","inLanguage":"en-US","@id":"https:\/\/organonpro.com\/es-es\/#\/schema\/logo\/image\/","url":"https:\/\/organonpro.com\/es-es\/wp-content\/uploads\/sites\/11\/2023\/08\/organon-pro-1.webp","contentUrl":"https:\/\/organonpro.com\/es-es\/wp-content\/uploads\/sites\/11\/2023\/08\/organon-pro-1.webp","width":2269,"height":243,"caption":"Organon Pro - Espa\u00f1a"},"image":{"@id":"https:\/\/organonpro.com\/es-es\/#\/schema\/logo\/image\/"},"sameAs":["https:\/\/www.facebook.com\/OrganonandCo","https:\/\/x.com\/OrganonLLC"]}]}},"jetpack_sharing_enabled":true,"_links":{"self":[{"href":"https:\/\/organonpro.com\/es-es\/wp-json\/wp\/v2\/organonair_cpt\/21534","targetHints":{"allow":["GET"]}}],"collection":[{"href":"https:\/\/organonpro.com\/es-es\/wp-json\/wp\/v2\/organonair_cpt"}],"about":[{"href":"https:\/\/organonpro.com\/es-es\/wp-json\/wp\/v2\/types\/organonair_cpt"}],"author":[{"embeddable":true,"href":"https:\/\/organonpro.com\/es-es\/wp-json\/wp\/v2\/users\/118"}],"wp:featuredmedia":[{"embeddable":true,"href":"https:\/\/organonpro.com\/es-es\/wp-json\/wp\/v2\/media\/10168"}],"wp:attachment":[{"href":"https:\/\/organonpro.com\/es-es\/wp-json\/wp\/v2\/media?parent=21534"}],"wp:term":[{"taxonomy":"post_tag","embeddable":true,"href":"https:\/\/organonpro.com\/es-es\/wp-json\/wp\/v2\/tags?post=21534"},{"taxonomy":"organonair_category","embeddable":true,"href":"https:\/\/organonpro.com\/es-es\/wp-json\/wp\/v2\/organonair_category?post=21534"}],"curies":[{"name":"wp","href":"https:\/\/api.w.org\/{rel}","templated":true}]}}